{"id":2248,"date":"2022-09-13T18:56:04","date_gmt":"2022-09-13T16:56:04","guid":{"rendered":"https:\/\/www.medi-tur.de\/veri-korumasi\/"},"modified":"2023-07-25T14:51:53","modified_gmt":"2023-07-25T12:51:53","slug":"veri-korumasi","status":"publish","type":"page","link":"https:\/\/www.medi-tur.de\/tr\/veri-korumasi\/","title":{"rendered":"Veri korumas\u0131"},"content":{"rendered":"<div class=\"fusion-fullwidth fullwidth-box fusion-builder-row-1 fusion-flex-container has-pattern-background has-mask-background nonhundred-percent-fullwidth non-hundred-percent-height-scrolling\" style=\"--awb-border-radius-top-left:0px;--awb-border-radius-top-right:0px;--awb-border-radius-bottom-right:0px;--awb-border-radius-bottom-left:0px;--awb-flex-wrap:wrap;\" ><div class=\"fusion-builder-row fusion-row fusion-flex-align-items-flex-start fusion-flex-content-wrap\" style=\"max-width:1216.8px;margin-left: calc(-4% \/ 2 );margin-right: calc(-4% \/ 2 );\"><div class=\"fusion-layout-column fusion_builder_column fusion-builder-column-0 fusion_builder_column_1_1 1_1 fusion-flex-column\" style=\"--awb-bg-size:cover;--awb-width-large:100%;--awb-margin-top-large:0px;--awb-spacing-right-large:1.92%;--awb-margin-bottom-large:30px;--awb-spacing-left-large:1.92%;--awb-width-medium:100%;--awb-order-medium:0;--awb-spacing-right-medium:1.92%;--awb-spacing-left-medium:1.92%;--awb-width-small:100%;--awb-order-small:0;--awb-spacing-right-small:1.92%;--awb-spacing-left-small:1.92%;\"><div class=\"fusion-column-wrapper fusion-column-has-shadow fusion-flex-justify-content-flex-start fusion-content-layout-column\"><div class=\"fusion-text fusion-text-1\"><h1>VER\u0130 KORUMASI<\/h1>\n<h2>1. Genel<\/h2>\n<p>&nbsp;<\/p>\n<p>Ki\u015fisel verileriniz (\u00f6rn. unvan, isim, adres, e-posta adresi, telefon numaras\u0131) yaln\u0131zca Alman veri koruma yasas\u0131 ve Avrupa Birli\u011fi (AB) veri koruma yasas\u0131 h\u00fck\u00fcmlerine uygun olarak taraf\u0131m\u0131zca i\u015flenecektir. A\u015fa\u011f\u0131daki d\u00fczenlemeler, i\u015fleme ama\u00e7lar\u0131, yasal dayanaklar, al\u0131c\u0131lar, saklama s\u00fcrelerinin yan\u0131 s\u0131ra haklar\u0131n\u0131z ve veri i\u015fleme sorumlunuz hakk\u0131nda da sizi bilgilendirmektedir. Bu gizlilik politikas\u0131 sadece web sitelerimiz i\u00e7in ge\u00e7erlidir. Sitemizdeki ba\u011flant\u0131lar arac\u0131l\u0131\u011f\u0131yla ba\u015fka sitelere y\u00f6nlendirilirseniz, l\u00fctfen verilerinizin ilgili kullan\u0131m\u0131 hakk\u0131nda kendinizi orada bilgilendirin.<\/p>\n<h2>2 ileti\u015fim<\/h2>\n<p><strong>(1) \u0130\u015fleme Amac\u0131<\/strong><\/p>\n<p>Bize e-posta, ileti\u015fim formu vb. yoluyla sa\u011flad\u0131\u011f\u0131n\u0131z ki\u015fisel verilerinizi, sorular\u0131n\u0131z\u0131 yan\u0131tlamak ve ilgilenmek i\u00e7in i\u015fleriz. Ki\u015fisel verilerinizi bize sa\u011flamak zorunda de\u011filsiniz. Ancak, e-posta adresinizi belirtmeden size e-posta ile cevap veremiyoruz.<\/p>\n<p><strong>(2) Yasal Dayanaklar<\/strong><\/p>\n<ol>\n<li>a) Verilerinizin i\u015flenmesi i\u00e7in bize a\u00e7\u0131k onay verdiyseniz, Madde 6 paragraf 1 1a) DSGVO bu i\u015flemenin yasal dayana\u011f\u0131.<\/li>\n<li>b) S\u00f6zle\u015fme \u00f6ncesi \u00f6nlemleri ger\u00e7ekle\u015ftirmek i\u00e7in verilerinizi i\u015flememiz durumunda, Madde 6 para. 1b) DSGVO yasal dayanakt\u0131r.<\/li>\n<li>c) Di\u011fer t\u00fcm durumlarda (\u00f6zellikle bir ileti\u015fim formu kullan\u0131ld\u0131\u011f\u0131nda), Madde 6 para. 1f) DSGVO yasal dayanakt\u0131r.<\/li>\n<\/ol>\n<p><strong>\u0130T\u0130RAZ HAKKI: Madde 6 paragraf 1&#8217;e dayal\u0131 olarak veri i\u015flemeye itiraz etme hakk\u0131n\u0131z vard\u0131r. 1f) DSGVO ve do\u011frudan reklam i\u00e7in kullan\u0131lmaz, \u00f6zel durumunuzdan kaynaklanan nedenlerle herhangi bir zamanda itiraz etmek.<\/strong><\/p>\n<p><strong>Bununla birlikte, do\u011frudan reklam s\u00f6z konusu oldu\u011funda, i\u015flemeye istedi\u011finiz zaman sebep g\u00f6stermeden itiraz edebilirsiniz. <\/strong><\/p>\n<p><strong>(3) Me\u015fru Menfaat<\/strong><\/p>\n<p>\u0130\u015fleme konusundaki me\u015fru menfaatimiz, sizinle h\u0131zl\u0131 bir \u015fekilde ileti\u015fim kurmak ve sorular\u0131n\u0131z\u0131 uygun maliyetli bir \u015fekilde yan\u0131tlamakt\u0131r. Bize adresinizi verirseniz, do\u011frudan posta i\u00e7in kullanma hakk\u0131n\u0131 sakl\u0131 tutar\u0131z. Verileri tutumlu bir \u015fekilde ileterek (\u00f6rne\u011fin bir takma ad kullanarak) veri korumaya olan ilginizi koruyabilirsiniz.<\/p>\n<p><strong>(4) Al\u0131c\u0131 Kategorileri<\/strong><\/p>\n<p>Bar\u0131nd\u0131rma sa\u011flay\u0131c\u0131lar\u0131, do\u011frudan posta i\u00e7in g\u00f6nderim hizmeti sa\u011flay\u0131c\u0131lar\u0131<\/p>\n<p><strong>(5) Saklama S\u00fcresi<\/strong><\/p>\n<p>Verileriniz, talebinizin veya ilgili ger\u00e7eklerin nihai olarak a\u00e7\u0131kl\u0131\u011fa kavu\u015fturuldu\u011fu durumlardan anla\u015f\u0131labiliyorsa silinecektir.<\/p>\n<p>Ancak, bir s\u00f6zle\u015fme imzalan\u0131rsa, ticaret ve vergi kanunlar\u0131 uyar\u0131nca gerekli olan verileri yasal olarak belirtilen s\u00fcreler boyunca, yani d\u00fczenli olarak on y\u0131l boyunca saklayaca\u011f\u0131z (bkz. B\u00f6l\u00fcm 257 HGB, B\u00f6l\u00fcm 147 AO).<\/p>\n<p><strong>(6) Cayma Hakk\u0131<\/strong><\/p>\n<p>R\u0131zan\u0131za dayal\u0131 olarak i\u015fleme yap\u0131lmas\u0131 durumunda, r\u0131zan\u0131z\u0131 istedi\u011finiz zaman geri \u00e7ekme hakk\u0131na sahipsiniz.<\/p>\n<h2>3 Daha fazla bilgi<\/h2>\n<h2>4 Google Analytics ile web analizi<\/h2>\n<p><strong>(1) \u0130\u015fleme Amac\u0131<\/strong><\/p>\n<p>Bu web sitesi, Google Ireland Limited, Gordon House, Barrow Street, Dublin 4, \u0130rlanda (&#8220;Google&#8221;) taraf\u0131ndan sa\u011flanan bir web analizi hizmeti olan Google Analytics&#8217;i kullan\u0131r. Google Analytics, bilgisayar\u0131n\u0131zda depolanan ve web sitesini kullan\u0131m\u0131n\u0131z\u0131n analiz edilmesini sa\u011flayan metin dosyalar\u0131 olan &#8220;\u00e7erezler&#8221; kullan\u0131r. Bu web sitesini kullan\u0131m\u0131n\u0131z hakk\u0131nda \u00e7erez taraf\u0131ndan olu\u015fturulan bilgiler genellikle ABD&#8217;deki bir Google sunucusuna iletilir ve orada saklan\u0131r. Bununla birlikte, bu web sitesinde IP anonimle\u015ftirme etkinle\u015ftirilirse, IP adresiniz Google taraf\u0131ndan Avrupa Birli\u011fi \u00fcye devletlerinde veya Avrupa Ekonomik Alan\u0131 Anla\u015fmas\u0131n\u0131n di\u011fer s\u00f6zle\u015fmeli \u00fclkelerinde \u00f6nceden k\u0131salt\u0131lacakt\u0131r. Yaln\u0131zca istisnai durumlarda tam IP adresi ABD&#8217;deki bir Google sunucusuna g\u00f6nderilir ve orada k\u0131salt\u0131l\u0131r. Bu web sitesinin operat\u00f6r\u00fc ad\u0131na Google, bu bilgileri web sitesini kullan\u0131m\u0131n\u0131z\u0131 de\u011ferlendirmek, web sitesi etkinli\u011fi hakk\u0131nda raporlar derlemek ve web sitesi operat\u00f6r\u00fcne web sitesi etkinli\u011fi ve internet kullan\u0131m\u0131 ile ilgili di\u011fer hizmetleri sa\u011flamak i\u00e7in kullanacakt\u0131r.<\/p>\n<p><strong>(2) Yasal Dayanak<\/strong><\/p>\n<p>Bu i\u015flemenin yasal dayana\u011f\u0131, Madde 6 paragraf 1&#8217;dir. 1a) DSGVO.<\/p>\n<p><strong>(3) Al\u0131c\u0131 Kategorileri<\/strong><\/p>\n<p>Google ve ba\u011fl\u0131 kurulu\u015flar\u0131.<\/p>\n<p><strong>(4) \u00dc\u00e7\u00fcnc\u00fc bir \u00fclkeye transfer<\/strong><\/p>\n<p>Google Ireland Limited, Google LLC&#8217;nin bir yan kurulu\u015fudur. Google LLC, ABD&#8217;de bulunmaktad\u0131r (1600 Amphitheatre Parkway, Mountain View, CA 94043).<\/p>\n<p><strong>(5) Saklama Suresi<\/strong><\/p>\n<p>S\u0131n\u0131rs\u0131z<\/p>\n<p><strong>(6) \u0130T\u0130RAZ HAKKI<\/strong><\/p>\n<p><strong>Taray\u0131c\u0131 yaz\u0131l\u0131m\u0131n\u0131z\u0131 buna g\u00f6re ayarlayarak \u00e7erezlerin saklanmas\u0131n\u0131 engelleyebilirsiniz; ancak bu durumda, m\u00fcmk\u00fcnse bu web sitesinin t\u00fcm fonksiyonlar\u0131n\u0131 tam olarak kullanamayaca\u011f\u0131n\u0131z\u0131 belirtmek isteriz. Ayr\u0131ca, Google&#8217;\u0131n \u00e7erez taraf\u0131ndan olu\u015fturulan ve web sitesini kullan\u0131m\u0131n\u0131zla ilgili verileri (IP adresiniz dahil) toplamas\u0131n\u0131 ve bu verileri Google taraf\u0131ndan i\u015flemesini, a\u015fa\u011f\u0131daki ba\u011flant\u0131da bulunan taray\u0131c\u0131 eklentisini indirip y\u00fckleyerek engelleyebilirsiniz: <\/strong><a href=\"http:\/\/tools.google.com\/dlpage\/gaoptout?hl=de\">optout<\/a><\/p>\n<p><strong>Bir devre d\u0131\u015f\u0131 b\u0131rakma tan\u0131mlama bilgisi ayarlayarak da toplamay\u0131 engelleyebilirsiniz. Gelecekte bu web sitesini ziyaret etti\u011finizde verilerinizin toplanmas\u0131n\u0131 \u00f6nlemek istiyorsan\u0131z, l\u00fctfen buraya t\u0131klay\u0131n: <\/strong>Google Analytics&#8217;i devre d\u0131\u015f\u0131 b\u0131rak<\/p>\n<h2>5 \u00c7erezler hakk\u0131nda bilgi<\/h2>\n<p><strong>(1) \u0130\u015fleme Amac\u0131<\/strong><\/p>\n<p>Bu web sitesinde teknik olarak gerekli \u00e7erezler kullan\u0131lmaktad\u0131r. Bunlar, bilgisayar sisteminizde internet taray\u0131c\u0131n\u0131zda veya taray\u0131c\u0131n\u0131z taraf\u0131ndan saklanan k\u00fc\u00e7\u00fck metin dosyalar\u0131d\u0131r.<\/p>\n<p><strong>(2) Yasal Dayanak<\/strong><\/p>\n<p>Bu i\u015flemenin yasal dayana\u011f\u0131, Madde 6 paragraf 1&#8217;dir. 1f) DSGVO.<\/p>\n<p><strong>(3) Me\u015fru Menfaat<\/strong><\/p>\n<p>Me\u015fru menfaatimiz, web sitemizin i\u015flevselli\u011fidir. Teknik olarak gerekli tan\u0131mlama bilgileri taraf\u0131ndan toplanan kullan\u0131c\u0131 verileri, kullan\u0131c\u0131 profilleri olu\u015fturmak i\u00e7in kullan\u0131lmaz. Bu, veri korumaya olan ilginizi korur.<\/p>\n<p><strong>(4) Saklama S\u00fcresi<\/strong><\/p>\n<p>Teknik olarak gerekli tan\u0131mlama bilgileri genellikle taray\u0131c\u0131 kapat\u0131ld\u0131\u011f\u0131nda silinir. Kal\u0131c\u0131 olarak saklanan \u00e7erezlerin birka\u00e7 dakikadan birka\u00e7 y\u0131la kadar farkl\u0131 kullan\u0131m \u00f6m\u00fcrleri vard\u0131r.<\/p>\n<p><strong>(5) \u0130T\u0130RAZ HAKKI<\/strong><\/p>\n<p><strong>Bu \u00e7erezlerin kaydedilmesini istemiyorsan\u0131z, l\u00fctfen internet taray\u0131c\u0131n\u0131zda bu \u00e7erezlerin kabul\u00fcn\u00fc devre d\u0131\u015f\u0131 b\u0131rak\u0131n. Ancak bu, web sitemizin i\u015flevsel olarak k\u0131s\u0131tlanmas\u0131na neden olabilir. Kal\u0131c\u0131 olarak saklanan tan\u0131mlama bilgilerini de istedi\u011finiz zaman taray\u0131c\u0131n\u0131z arac\u0131l\u0131\u011f\u0131yla silebilirsiniz.<\/strong><\/p>\n<h2>6 Facebook sosyal eklentisi<\/h2>\n<p>Facebook Inc., 1601 S. California Ave, Palo Alto, CA 94304, ABD taraf\u0131ndan i\u015fletilen facebook.com&#8217;daki sosyal eklentileri kullan\u0131yoruz. Eklentiler, Facebook logosundan veya &#8220;<em>Facebook Social Plugin<\/em>&#8221; ekinden tan\u0131nabilir. \u00f6rn. B. &#8220;<em>Be\u011fen<\/em>&#8221; d\u00fc\u011fmesini t\u0131klay\u0131n veya bir yorum yap\u0131n, ilgili bilgiler do\u011frudan taray\u0131c\u0131n\u0131zdan Facebook&#8217;a iletilir ve orada saklan\u0131r. Ayr\u0131ca Facebook, tercihlerinizi Facebook arkada\u015flar\u0131n\u0131z i\u00e7in herkese a\u00e7\u0131k hale getirir. Facebook&#8217;ta oturum a\u00e7t\u0131ysan\u0131z, Facebook, sitemizi ziyaretinizi do\u011frudan Facebook hesab\u0131n\u0131za atayabilir. Oturum a\u00e7mam\u0131\u015f olsan\u0131z veya hi\u00e7 Facebook hesab\u0131n\u0131z olmasa bile, taray\u0131c\u0131n\u0131z Facebook taraf\u0131ndan saklanan bilgileri (\u00f6rn. hangi web sitesine eri\u015fti\u011finiz, IP adresiniz) iletir. <a href=\"https:\/\/de-de.facebook.com\/about\/privacy\">Facebook<\/a>&#8216;un ki\u015fisel verilerinizi nas\u0131l kulland\u0131\u011f\u0131 ve bu konudaki haklar\u0131n\u0131z hakk\u0131nda ayr\u0131nt\u0131lar i\u00e7in l\u00fctfen Facebook&#8217;un veri koruma bilgilerine bak\u0131n. Facebook&#8217;un web sitelerimiz arac\u0131l\u0131\u011f\u0131yla hakk\u0131n\u0131zda toplanan verileri Facebook hesab\u0131n\u0131zla ili\u015fkilendirmesini istemiyorsan\u0131z, web sitelerimizi ziyaret etmeden \u00f6nce Facebook oturumunuzu kapatmal\u0131s\u0131n\u0131z. Ayr\u0131ca Facebook eklentilerinin taray\u0131c\u0131n\u0131z i\u00e7in eklentilerle y\u00fcklenmesini tamamen engelleyebilirsiniz, \u00f6rn. B. &#8220;<em>Facebook Engelleyici<\/em>&#8221; (Facebook) ile.<\/p>\n<h2>7 Veri \u00f6znesi olarak haklar\u0131n\u0131z<\/h2>\n<p>Ki\u015fisel verilerin sizin taraf\u0131n\u0131zdan i\u015flenmesi durumunda, DSGVO anlam\u0131nda bir veri sahibisiniz ve sorumlu ki\u015fi olarak bize kar\u015f\u0131 a\u015fa\u011f\u0131daki haklara sahipsiniz:<\/p>\n<p>&nbsp;<\/p>\n<h3><strong> Bilgi edinme hakk\u0131<\/strong><\/h3>\n<p>DSGVO Madde 15 \u00e7er\u00e7evesinde taraf\u0131m\u0131zca i\u015flenen ki\u015fisel verileriniz hakk\u0131nda bilgi talebinde bulunabilirsiniz.<\/p>\n<h3><strong> D\u00fczeltme Hakk\u0131<\/strong><\/h3>\n<p>Sizinle ilgili bilgiler do\u011fru de\u011filse (veya art\u0131k de\u011filse), DSGVO Madde 16 uyar\u0131nca d\u00fczeltme talebinde bulunabilirsiniz. Verileriniz eksikse tamamlama talebinde bulunabilirsiniz.<\/p>\n<h3><strong> Silme Hakk\u0131<\/strong><\/h3>\n<p>DSGVO&#8217;nin 17. maddesi uyar\u0131nca ki\u015fisel verilerinizin silinmesini talep edebilirsiniz.<\/p>\n<h3><strong> \u0130\u015flemenin k\u0131s\u0131tlanmas\u0131 hakk\u0131<\/strong><\/h3>\n<p>DSGVO Madde 18 gereklilikleri \u00e7er\u00e7evesinde, sizinle ilgili verilerin i\u015flenmesinin k\u0131s\u0131tlanmas\u0131n\u0131 talep etme hakk\u0131na sahipsiniz.<\/p>\n<h3><strong> Veri ta\u015f\u0131nabilirli\u011fi hakk\u0131<\/strong><\/h3>\n<p>DSGVO Madde 20&#8217;ye g\u00f6re, bize sa\u011flad\u0131\u011f\u0131n\u0131z ki\u015fisel verileri yap\u0131land\u0131r\u0131lm\u0131\u015f, ortak ve makine taraf\u0131ndan okunabilir bir bi\u00e7imde alma veya ba\u015fka bir sorumlu ki\u015fiye iletilmesini talep etme hakk\u0131na sahipsiniz.<\/p>\n<h3><strong> Veri koruma yasas\u0131 kapsam\u0131nda r\u0131za beyan\u0131n\u0131 iptal etme hakk\u0131<\/strong><\/h3>\n<p>Madde 7 paragraf\u0131na g\u00f6re. 3 DSGVO, veri koruma yasas\u0131 kapsam\u0131nda r\u0131za beyan\u0131n\u0131z\u0131 istedi\u011finiz zaman iptal etme hakk\u0131na sahipsiniz. Bu, iptal edilene kadar onay temelinde ger\u00e7ekle\u015ftirilen i\u015flemenin yasall\u0131\u011f\u0131n\u0131 etkilemez.<\/p>\n<h3><strong> Bir denetim makam\u0131na \u015fikayette bulunma hakk\u0131<\/strong><\/h3>\n<p>Ki\u015fisel verilerinizin i\u015flenmesinin DSGVO &#8216;yi ihlal etti\u011fi kan\u0131s\u0131ndaysan\u0131z, DSGVO &#8216;nin 77. maddesine g\u00f6re bir denetim makam\u0131na (\u00f6zellikle mutat ikametgah\u0131n\u0131z, i\u015f yeriniz veya iddia edilen ihlalin oldu\u011fu \u00fcye devlette) \u015fikayette bulunma hakk\u0131n\u0131z vard\u0131r.<\/p>\n<p>&nbsp;<\/p>\n<h3><strong>L\u00fctfen ayr\u0131ca DSGVO Madde 21&#8217;e g\u00f6re itiraz hakk\u0131n\u0131z\u0131 da unutmay\u0131n:<\/strong><\/h3>\n<p><strong>a) Genel: Gerek\u00e7eli itiraz<\/strong><\/p>\n<p><strong>Sizinle ilgili ki\u015fisel verilerin i\u015flenmesi ger\u00e7ekle\u015ftiriliyor mu? <\/strong><\/p>\n<p><strong>&#8211; a\u011f\u0131r basan me\u015fru menfaatimizi korumak i\u00e7in (DSGVO Madde 6 Paragraf 1f&#8217;ye g\u00f6re yasal dayanak) veya<\/strong><\/p>\n<p><strong>&#8211; kamu yarar\u0131na (Madde 6 F\u0131kra 1e&#8217;ye g\u00f6re yasal dayanak) DSGVO), <\/strong><\/p>\n<p><strong>\u00f6zel durumunuzdan kaynaklanan nedenlerle i\u015flemeye istedi\u011finiz zaman itiraz etme hakk\u0131n\u0131z vard\u0131r; bu ayn\u0131 zamanda GDPR h\u00fck\u00fcmlerine dayal\u0131 profil olu\u015fturma i\u00e7in de ge\u00e7erlidir.<\/strong><\/p>\n<p>&nbsp;<\/p>\n<p><strong>\u0130tiraz durumunda, \u00e7\u0131karlar\u0131n\u0131za, haklar\u0131n\u0131za ve \u00f6zg\u00fcrl\u00fcklerinize a\u011f\u0131r basan i\u015fleme i\u00e7in zorlay\u0131c\u0131 me\u015fru gerek\u00e7eler g\u00f6steremedi\u011fimiz veya i\u015flemenin yasal iddialar\u0131 ileri s\u00fcrmeye, uygulamaya veya savunmaya hizmet etmedik\u00e7e ki\u015fisel verilerinizi art\u0131k i\u015flemeyece\u011fiz.<\/strong><\/p>\n<p>&nbsp;<\/p>\n<p><strong>b) Do\u011frudan reklam\u0131n \u00f6zel durumu: basit bir itiraz yeterlidir<\/strong><\/p>\n<p><strong>Sizinle ilgili ki\u015fisel veriler do\u011frudan reklam yapmak amac\u0131yla i\u015fleniyorsa, bu i\u015flemeye istedi\u011finiz zaman ve sebep g\u00f6stermeksizin itiraz etme hakk\u0131na sahipsiniz; bu, bu t\u00fcr do\u011frudan reklamlarla ili\u015fkili oldu\u011fu s\u00fcrece profil olu\u015fturma i\u00e7in de ge\u00e7erlidir.<\/strong><\/p>\n<p>&nbsp;<\/p>\n<p><strong>Do\u011frudan pazarlama amac\u0131yla i\u015flemeye itiraz etmeniz durumunda, sizinle ilgili ki\u015fisel veriler art\u0131k bu ama\u00e7lar i\u00e7in i\u015flenmez.<\/strong><\/p>\n<p>&nbsp;<\/p>\n<p><strong>Veri i\u015flemeden sorumlu:<\/strong><br \/>\nCem Azakl\u0131o\u011fullar\u0131<br \/>\nAuweg 20<br \/>\n95339 Wirsberg<br \/>\nTelefon: 09227 3990503<br \/>\npost@medi-tur.de<\/p>\n<p>&nbsp;<\/p>\n<p>&nbsp;<\/p>\n<\/div><\/div><\/div><\/div><\/div>\n","protected":false},"excerpt":{"rendered":"","protected":false},"author":1,"featured_media":0,"parent":0,"menu_order":110,"comment_status":"closed","ping_status":"closed","template":"100-width.php","meta":{"_monsterinsights_skip_tracking":false,"_monsterinsights_sitenote_active":false,"_monsterinsights_sitenote_note":"","_monsterinsights_sitenote_category":0,"footnotes":""},"class_list":["post-2248","page","type-page","status-publish","hentry"],"yoast_head":"<!-- This site is optimized with the Yoast SEO plugin v26.5 - https:\/\/yoast.com\/wordpress\/plugins\/seo\/ -->\n<title>Veri korumas\u0131 - mediTUR | Deutsche Agentur f\u00fcr Medizintourismus in der T\u00fcrkei<\/title>\n<meta name=\"description\" content=\"T\u00fcrkiye&#039;de di\u015f tedavisi uzman\u0131 olarak, sizi ihtiya\u00e7lar\u0131n\u0131za uygun do\u011fru T\u00fcrk di\u015f klini\u011fi ile temasa ge\u00e7irece\u011fiz.\" \/>\n<meta name=\"robots\" content=\"index, follow, max-snippet:-1, max-image-preview:large, max-video-preview:-1\" \/>\n<link rel=\"canonical\" href=\"https:\/\/www.medi-tur.de\/tr\/veri-korumasi\/\" \/>\n<meta property=\"og:locale\" content=\"tr_TR\" \/>\n<meta property=\"og:type\" content=\"article\" \/>\n<meta property=\"og:title\" content=\"Veri korumas\u0131 - mediTUR | Deutsche Agentur f\u00fcr Medizintourismus in der T\u00fcrkei\" \/>\n<meta property=\"og:description\" content=\"T\u00fcrkiye&#039;de di\u015f tedavisi uzman\u0131 olarak, sizi ihtiya\u00e7lar\u0131n\u0131za uygun do\u011fru T\u00fcrk di\u015f klini\u011fi ile temasa ge\u00e7irece\u011fiz.\" \/>\n<meta property=\"og:url\" content=\"https:\/\/www.medi-tur.de\/tr\/veri-korumasi\/\" \/>\n<meta property=\"og:site_name\" content=\"mediTUR | Deutsche Agentur f\u00fcr Medizintourismus in der T\u00fcrkei\" \/>\n<meta property=\"article:publisher\" content=\"https:\/\/www.facebook.com\/mediTURDeutschland\/\" \/>\n<meta property=\"article:modified_time\" content=\"2023-07-25T12:51:53+00:00\" \/>\n<meta name=\"twitter:card\" content=\"summary_large_image\" \/>\n<meta name=\"twitter:label1\" content=\"Tahmini okuma s\u00fcresi\" \/>\n\t<meta name=\"twitter:data1\" content=\"13 dakika\" \/>\n<script type=\"application\/ld+json\" class=\"yoast-schema-graph\">{\"@context\":\"https:\/\/schema.org\",\"@graph\":[{\"@type\":\"WebPage\",\"@id\":\"https:\/\/www.medi-tur.de\/tr\/veri-korumasi\/\",\"url\":\"https:\/\/www.medi-tur.de\/tr\/veri-korumasi\/\",\"name\":\"Veri korumas\u0131 - mediTUR | Deutsche Agentur f\u00fcr Medizintourismus in der T\u00fcrkei\",\"isPartOf\":{\"@id\":\"https:\/\/www.medi-tur.de\/tr\/#website\"},\"datePublished\":\"2022-09-13T16:56:04+00:00\",\"dateModified\":\"2023-07-25T12:51:53+00:00\",\"description\":\"T\u00fcrkiye'de di\u015f tedavisi uzman\u0131 olarak, sizi ihtiya\u00e7lar\u0131n\u0131za uygun do\u011fru T\u00fcrk di\u015f klini\u011fi ile temasa ge\u00e7irece\u011fiz.\",\"breadcrumb\":{\"@id\":\"https:\/\/www.medi-tur.de\/tr\/veri-korumasi\/#breadcrumb\"},\"inLanguage\":\"tr\",\"potentialAction\":[{\"@type\":\"ReadAction\",\"target\":[\"https:\/\/www.medi-tur.de\/tr\/veri-korumasi\/\"]}]},{\"@type\":\"BreadcrumbList\",\"@id\":\"https:\/\/www.medi-tur.de\/tr\/veri-korumasi\/#breadcrumb\",\"itemListElement\":[{\"@type\":\"ListItem\",\"position\":1,\"name\":\"Startseite\",\"item\":\"https:\/\/www.medi-tur.de\/tr\/\"},{\"@type\":\"ListItem\",\"position\":2,\"name\":\"Veri korumas\u0131\"}]},{\"@type\":\"WebSite\",\"@id\":\"https:\/\/www.medi-tur.de\/tr\/#website\",\"url\":\"https:\/\/www.medi-tur.de\/tr\/\",\"name\":\"mediTUR | Deutsche Agentur f\u00fcr Medizintourismus in der T\u00fcrkei\",\"description\":\"Als Vermittlungsagentur f\u00fcr Sch\u00f6nheitsoperationen unterst\u00fctzen wir Patienten bei der Suche nach geeigneten Chirurgen in der T\u00fcrkei.\",\"publisher\":{\"@id\":\"https:\/\/www.medi-tur.de\/tr\/#organization\"},\"potentialAction\":[{\"@type\":\"SearchAction\",\"target\":{\"@type\":\"EntryPoint\",\"urlTemplate\":\"https:\/\/www.medi-tur.de\/tr\/?s={search_term_string}\"},\"query-input\":{\"@type\":\"PropertyValueSpecification\",\"valueRequired\":true,\"valueName\":\"search_term_string\"}}],\"inLanguage\":\"tr\"},{\"@type\":\"Organization\",\"@id\":\"https:\/\/www.medi-tur.de\/tr\/#organization\",\"name\":\"mediTUR | Deutsche Agentur f\u00fcr Rhinoplastik, Haartransplantation, plastische Chirurgie, Zahnbehandlungen und Augenlasern\",\"alternateName\":\"mediTUR | Vermittlungsagentur f\u00fcr Medizintourismus\",\"url\":\"https:\/\/www.medi-tur.de\/tr\/\",\"logo\":{\"@type\":\"ImageObject\",\"inLanguage\":\"tr\",\"@id\":\"https:\/\/www.medi-tur.de\/tr\/#\/schema\/logo\/image\/\",\"url\":\"https:\/\/www.medi-tur.de\/wp-content\/uploads\/2024\/01\/Meditur-transparent-klein-1.png\",\"contentUrl\":\"https:\/\/www.medi-tur.de\/wp-content\/uploads\/2024\/01\/Meditur-transparent-klein-1.png\",\"width\":200,\"height\":100,\"caption\":\"mediTUR | Deutsche Agentur f\u00fcr Rhinoplastik, Haartransplantation, plastische Chirurgie, Zahnbehandlungen und Augenlasern\"},\"image\":{\"@id\":\"https:\/\/www.medi-tur.de\/tr\/#\/schema\/logo\/image\/\"},\"sameAs\":[\"https:\/\/www.facebook.com\/mediTURDeutschland\/\",\"https:\/\/www.instagram.com\/meditur_deutschland\/\"]}]}<\/script>\n<!-- \/ Yoast SEO plugin. -->","yoast_head_json":{"title":"Veri korumas\u0131 - mediTUR | Deutsche Agentur f\u00fcr Medizintourismus in der T\u00fcrkei","description":"T\u00fcrkiye'de di\u015f tedavisi uzman\u0131 olarak, sizi ihtiya\u00e7lar\u0131n\u0131za uygun do\u011fru T\u00fcrk di\u015f klini\u011fi ile temasa ge\u00e7irece\u011fiz.","robots":{"index":"index","follow":"follow","max-snippet":"max-snippet:-1","max-image-preview":"max-image-preview:large","max-video-preview":"max-video-preview:-1"},"canonical":"https:\/\/www.medi-tur.de\/tr\/veri-korumasi\/","og_locale":"tr_TR","og_type":"article","og_title":"Veri korumas\u0131 - mediTUR | Deutsche Agentur f\u00fcr Medizintourismus in der T\u00fcrkei","og_description":"T\u00fcrkiye'de di\u015f tedavisi uzman\u0131 olarak, sizi ihtiya\u00e7lar\u0131n\u0131za uygun do\u011fru T\u00fcrk di\u015f klini\u011fi ile temasa ge\u00e7irece\u011fiz.","og_url":"https:\/\/www.medi-tur.de\/tr\/veri-korumasi\/","og_site_name":"mediTUR | Deutsche Agentur f\u00fcr Medizintourismus in der T\u00fcrkei","article_publisher":"https:\/\/www.facebook.com\/mediTURDeutschland\/","article_modified_time":"2023-07-25T12:51:53+00:00","twitter_card":"summary_large_image","twitter_misc":{"Tahmini okuma s\u00fcresi":"13 dakika"},"schema":{"@context":"https:\/\/schema.org","@graph":[{"@type":"WebPage","@id":"https:\/\/www.medi-tur.de\/tr\/veri-korumasi\/","url":"https:\/\/www.medi-tur.de\/tr\/veri-korumasi\/","name":"Veri korumas\u0131 - mediTUR | Deutsche Agentur f\u00fcr Medizintourismus in der T\u00fcrkei","isPartOf":{"@id":"https:\/\/www.medi-tur.de\/tr\/#website"},"datePublished":"2022-09-13T16:56:04+00:00","dateModified":"2023-07-25T12:51:53+00:00","description":"T\u00fcrkiye'de di\u015f tedavisi uzman\u0131 olarak, sizi ihtiya\u00e7lar\u0131n\u0131za uygun do\u011fru T\u00fcrk di\u015f klini\u011fi ile temasa ge\u00e7irece\u011fiz.","breadcrumb":{"@id":"https:\/\/www.medi-tur.de\/tr\/veri-korumasi\/#breadcrumb"},"inLanguage":"tr","potentialAction":[{"@type":"ReadAction","target":["https:\/\/www.medi-tur.de\/tr\/veri-korumasi\/"]}]},{"@type":"BreadcrumbList","@id":"https:\/\/www.medi-tur.de\/tr\/veri-korumasi\/#breadcrumb","itemListElement":[{"@type":"ListItem","position":1,"name":"Startseite","item":"https:\/\/www.medi-tur.de\/tr\/"},{"@type":"ListItem","position":2,"name":"Veri korumas\u0131"}]},{"@type":"WebSite","@id":"https:\/\/www.medi-tur.de\/tr\/#website","url":"https:\/\/www.medi-tur.de\/tr\/","name":"mediTUR | Deutsche Agentur f\u00fcr Medizintourismus in der T\u00fcrkei","description":"Als Vermittlungsagentur f\u00fcr Sch\u00f6nheitsoperationen unterst\u00fctzen wir Patienten bei der Suche nach geeigneten Chirurgen in der T\u00fcrkei.","publisher":{"@id":"https:\/\/www.medi-tur.de\/tr\/#organization"},"potentialAction":[{"@type":"SearchAction","target":{"@type":"EntryPoint","urlTemplate":"https:\/\/www.medi-tur.de\/tr\/?s={search_term_string}"},"query-input":{"@type":"PropertyValueSpecification","valueRequired":true,"valueName":"search_term_string"}}],"inLanguage":"tr"},{"@type":"Organization","@id":"https:\/\/www.medi-tur.de\/tr\/#organization","name":"mediTUR | Deutsche Agentur f\u00fcr Rhinoplastik, Haartransplantation, plastische Chirurgie, Zahnbehandlungen und Augenlasern","alternateName":"mediTUR | Vermittlungsagentur f\u00fcr Medizintourismus","url":"https:\/\/www.medi-tur.de\/tr\/","logo":{"@type":"ImageObject","inLanguage":"tr","@id":"https:\/\/www.medi-tur.de\/tr\/#\/schema\/logo\/image\/","url":"https:\/\/www.medi-tur.de\/wp-content\/uploads\/2024\/01\/Meditur-transparent-klein-1.png","contentUrl":"https:\/\/www.medi-tur.de\/wp-content\/uploads\/2024\/01\/Meditur-transparent-klein-1.png","width":200,"height":100,"caption":"mediTUR | Deutsche Agentur f\u00fcr Rhinoplastik, Haartransplantation, plastische Chirurgie, Zahnbehandlungen und Augenlasern"},"image":{"@id":"https:\/\/www.medi-tur.de\/tr\/#\/schema\/logo\/image\/"},"sameAs":["https:\/\/www.facebook.com\/mediTURDeutschland\/","https:\/\/www.instagram.com\/meditur_deutschland\/"]}]}},"_links":{"self":[{"href":"https:\/\/www.medi-tur.de\/tr\/wp-json\/wp\/v2\/pages\/2248","targetHints":{"allow":["GET"]}}],"collection":[{"href":"https:\/\/www.medi-tur.de\/tr\/wp-json\/wp\/v2\/pages"}],"about":[{"href":"https:\/\/www.medi-tur.de\/tr\/wp-json\/wp\/v2\/types\/page"}],"author":[{"embeddable":true,"href":"https:\/\/www.medi-tur.de\/tr\/wp-json\/wp\/v2\/users\/1"}],"replies":[{"embeddable":true,"href":"https:\/\/www.medi-tur.de\/tr\/wp-json\/wp\/v2\/comments?post=2248"}],"version-history":[{"count":0,"href":"https:\/\/www.medi-tur.de\/tr\/wp-json\/wp\/v2\/pages\/2248\/revisions"}],"wp:attachment":[{"href":"https:\/\/www.medi-tur.de\/tr\/wp-json\/wp\/v2\/media?parent=2248"}],"curies":[{"name":"wp","href":"https:\/\/api.w.org\/{rel}","templated":true}]}}