{"id":2245,"date":"2023-04-19T10:51:39","date_gmt":"2023-04-19T08:51:39","guid":{"rendered":"https:\/\/www.medi-tur.de\/kuenye\/"},"modified":"2026-03-21T21:51:55","modified_gmt":"2026-03-21T20:51:55","slug":"kuenye","status":"publish","type":"page","link":"https:\/\/www.medi-tur.de\/tr\/kuenye\/","title":{"rendered":"K\u00fcnye"},"content":{"rendered":"<div class=\"fusion-fullwidth fullwidth-box fusion-builder-row-1 fusion-flex-container nonhundred-percent-fullwidth non-hundred-percent-height-scrolling\" style=\"--awb-border-radius-top-left:0px;--awb-border-radius-top-right:0px;--awb-border-radius-bottom-right:0px;--awb-border-radius-bottom-left:0px;--awb-padding-top:65px;--awb-padding-right:40px;--awb-padding-left:40px;--awb-margin-top:70px;--awb-background-color:#ffffff;--awb-flex-wrap:wrap;\" ><div class=\"fusion-builder-row fusion-row fusion-flex-align-items-flex-start fusion-flex-content-wrap\" style=\"max-width:1216.8px;margin-left: calc(-4% \/ 2 );margin-right: calc(-4% \/ 2 );\"><div class=\"fusion-layout-column fusion_builder_column fusion-builder-column-0 fusion_builder_column_1_3 1_3 fusion-flex-column\" style=\"--awb-bg-blend:overlay;--awb-bg-size:cover;--awb-width-large:33.333333333333%;--awb-margin-top-large:0px;--awb-spacing-right-large:3.84%;--awb-margin-bottom-large:30px;--awb-spacing-left-large:5.76%;--awb-width-medium:100%;--awb-spacing-right-medium:1.92%;--awb-spacing-left-medium:1.92%;--awb-width-small:100%;--awb-spacing-right-small:1.92%;--awb-spacing-left-small:1.92%;\"><div class=\"fusion-column-wrapper fusion-flex-justify-content-flex-start fusion-content-layout-column\"><div class=\"fusion-text fusion-text-1\"><h2 class=\"fusion-responsive-typography-calculated\" style=\"--fontsize: 32; line-height: 1.25;\" data-fontsize=\"32\" data-lineheight=\"40px\">K\u00fcnye<\/h2>\n<p>Angaben gem\u00e4\u00df \u00a7 5 DDG:<\/p>\n<p>mediTUR sahibi Cem Azakliogullari<br \/>\nVorwerkstr. 4<br \/>\n95326 Kulmbach<\/p>\n<h2 class=\"fusion-responsive-typography-calculated\" style=\"--fontsize: 32; line-height: 1.25;\" data-fontsize=\"32\" data-lineheight=\"40px\">Temas<\/h2>\n<p>Telefon:+49 160 7942553<br \/>\ne-posta: post@medi-tur.de<br \/>\nInternet: https:\/\/www.medi-tur.de<\/p>\n<h2 class=\"fusion-responsive-typography-calculated\" style=\"--fontsize: 32; line-height: 1.25;\" data-fontsize=\"32\" data-lineheight=\"40px\">Vergi numaras\u0131:<\/h2>\n<p>\u00a7 27 a sat\u0131\u015f vergisi kanununa g\u00f6re sat\u0131\u015f vergisi kimlik numaras\u0131:<br \/>\nDE272475392<\/p>\n<h2>Konsept ve tasar\u0131m:<\/h2>\n<p>Ideenreich Marketing &amp; Design<br \/>\nAm Jurablick 25<br \/>\n95512 Neudrossenfeld<br \/>\n<a href=\"https:\/\/www.ideenreich.marketing\/\" target=\"_blank\" rel=\"noopener\">www.ideenreich.marketing<\/a><\/p>\n<h2 class=\"fusion-responsive-typography-calculated\" style=\"--fontsize: 32; line-height: 1.25;\" data-fontsize=\"32\" data-lineheight=\"40px\">\u00a7 55 Abs uyar\u0131nca i\u00e7erikten sorumludur. 2 RStV:<\/h2>\n<p>Cem Azakliogullari<br \/>\nVorwerkstr. 4<br \/>\n95326 Kulmbach<br \/>\nTelefon: +49 160 7942553<\/p>\n<h3>Resimler<\/h3>\n<p><a href=\"https:\/\/www.canva.com\" target=\"_blank\" rel=\"noopener\">Canva<\/a><\/p>\n<table>\n<tbody>\n<tr class=\"showcase__item\" data-type=\"photo\" data-w=\"626\" data-h=\"417\" data-id=\"10322631\">\n<td class=\"table__text hide-tablet\"><a class=\"link link--text font-sm regular\" href=\"https:\/\/www.freepik.com\/author\/wayhomestudio\">@wayhomestudio<\/a><\/td>\n<\/tr>\n<\/tbody>\n<\/table>\n<p><a class=\"link link--text font-sm regular\" href=\"https:\/\/www.freepik.com\/author\/wayhomestudio\">@wayhomestudio<\/a><\/p>\n<table>\n<tbody>\n<tr class=\"showcase__item\" data-type=\"photo\" data-w=\"626\" data-h=\"417\" data-id=\"9685736\">\n<td class=\"table__text hide-tablet\"><a class=\"link link--text font-sm regular\" href=\"https:\/\/www.freepik.com\/author\/nomadsoul1\">@nomadsoul1<\/a><\/td>\n<\/tr>\n<\/tbody>\n<\/table>\n<p><a class=\"link link--text font-sm regular\" href=\"https:\/\/www.freepik.com\/author\/freepik\">@freepik<\/a><\/p>\n<table>\n<tbody>\n<tr class=\"showcase__item\" data-type=\"photo\" data-w=\"626\" data-h=\"417\" data-id=\"12115162\">\n<td class=\"table__text hide-tablet\"><a class=\"link link--text font-sm regular\" href=\"https:\/\/www.freepik.com\/author\/gpointstudio\">@gpointstudio<\/a><\/td>\n<\/tr>\n<\/tbody>\n<\/table>\n<p><a class=\"link link--text font-sm regular\" href=\"https:\/\/www.freepik.com\/author\/pressfoto\">@pressfoto<\/a><\/p>\n<\/div><\/div><\/div><div class=\"fusion-layout-column fusion_builder_column fusion-builder-column-1 fusion_builder_column_2_3 2_3 fusion-flex-column\" style=\"--awb-bg-blend:overlay;--awb-bg-size:cover;--awb-width-large:66.666666666667%;--awb-margin-top-large:0px;--awb-spacing-right-large:2.88%;--awb-margin-bottom-large:30px;--awb-spacing-left-large:3.84%;--awb-width-medium:100%;--awb-spacing-right-medium:1.92%;--awb-spacing-left-medium:1.92%;--awb-width-small:100%;--awb-spacing-right-small:1.92%;--awb-spacing-left-small:1.92%;\"><div class=\"fusion-column-wrapper fusion-flex-justify-content-flex-start fusion-content-layout-column\"><div class=\"fusion-text fusion-text-2\"><h2>Meditur<\/h2>\n<h2>Feragatname<\/h2>\n<p><strong>\u0130\u00e7erik sorumlulu\u011fu<\/strong><\/p>\n<p>Bir hizmet sa\u011flay\u0131c\u0131 olarak \u00a7 7 Abs.1&#8217;e g\u00f6re hareket ediyoruz. DDG f\u00fcr eigene Inhalte auf diesen Seiten nach den allgemeinen Gesetzen verantwortlich. Nach \u00a7\u00a7 8 bis 10 DDG sind wir als Diensteanbieter jedoch nicht verpflichtet, \u00fcbermittelte oder gespeicherte fremde Informationen zu \u00fcberwachen oder nach Umst\u00e4nden zu forschen, die auf eine rechtswidrige T\u00e4tigkeit hinweisen. Genel yasalara g\u00f6re bilgilerin kullan\u0131m\u0131n\u0131 kald\u0131rma veya engelleme y\u00fck\u00fcml\u00fcl\u00fckleri etkilenmeden kal\u0131r. Bununla birlikte, bu konudaki sorumluluk, yaln\u0131zca belirli bir yasa ihlali bilgisinin bilindi\u011fi andan itibaren m\u00fcmk\u00fcnd\u00fcr. Herhangi bir yasa ihlalinden haberdar olur olmaz, bu i\u00e7eri\u011fi derhal kald\u0131raca\u011f\u0131z.<\/p>\n<p><strong>Ba\u011flant\u0131lar i\u00e7in sorumluluk<\/strong><\/p>\n<p>Teklifimiz, i\u00e7eri\u011fi \u00fczerinde hi\u00e7bir etkimizin olmad\u0131\u011f\u0131 harici \u00fc\u00e7\u00fcnc\u00fc taraf web sitelerine ba\u011flant\u0131lar i\u00e7ermektedir. Bu nedenle, bu harici i\u00e7erik i\u00e7in herhangi bir sorumluluk kabul edemeyiz. Sayfalar\u0131n ilgili sa\u011flay\u0131c\u0131s\u0131 veya operat\u00f6r\u00fc, ba\u011flant\u0131l\u0131 sayfalar\u0131n i\u00e7eri\u011finden her zaman sorumludur. Ba\u011flant\u0131 verilen sayfalar, ba\u011flant\u0131 an\u0131nda olas\u0131 yasal ihlallere kar\u015f\u0131 kontrol edildi. Yasad\u0131\u015f\u0131 i\u00e7erik, ba\u011flant\u0131 verildi\u011fi s\u0131rada tan\u0131nmad\u0131. Ancak, ba\u011flant\u0131l\u0131 sayfalar\u0131n i\u00e7eri\u011finin kal\u0131c\u0131 olarak kontrol edilmesi, somut bir ihlal kan\u0131t\u0131 olmaks\u0131z\u0131n makul de\u011fildir. Yasal ihlallerden haberdar olur olmaz, bu t\u00fcr ba\u011flant\u0131lar\u0131 derhal kald\u0131raca\u011f\u0131z.<\/p>\n<p><strong>telif hakk\u0131<\/strong><\/p>\n<p>Site operat\u00f6rleri taraf\u0131ndan olu\u015fturulan bu sayfalardaki i\u00e7erik ve eserler, Alman telif haklar\u0131 yasas\u0131na tabidir. Telif hakk\u0131 s\u0131n\u0131rlar\u0131 d\u0131\u015f\u0131nda \u00e7o\u011faltma, d\u00fczenleme, da\u011f\u0131t\u0131m ve her t\u00fcrl\u00fc kullan\u0131m, ilgili yazar veya yarat\u0131c\u0131n\u0131n yaz\u0131l\u0131 onay\u0131n\u0131 gerektirir. Bu sitenin indirilmesine ve kopyalanmas\u0131na yaln\u0131zca \u00f6zel, ticari olmayan kullan\u0131m i\u00e7in izin verilir. Bu sitedeki i\u00e7erikler i\u015fletmeci taraf\u0131ndan olu\u015fturulmad\u0131\u011f\u0131 s\u00fcrece \u00fc\u00e7\u00fcnc\u00fc \u015fah\u0131slar\u0131n telif haklar\u0131 g\u00f6zetilir. \u00d6zellikle \u00fc\u00e7\u00fcnc\u00fc \u015fah\u0131slar\u0131n i\u00e7erikleri bu \u015fekilde i\u015faretlenmi\u015ftir. Yine de bir telif hakk\u0131 ihlalinden haberdar olursan\u0131z, bizi buna g\u00f6re bilgilendirmenizi rica ederiz. Yasal ihlallerden haberdar olur olmaz, bu t\u00fcr i\u00e7erikleri derhal kald\u0131raca\u011f\u0131z.<\/p>\n<p><i>Kaynaklar: <a href=\"http:\/\/www.e-recht24.de\/muster-disclaimer.html\" target=\"_blank\" rel=\"nofollow noopener noreferrer\">Feragatname eRecht24<\/a><\/i><\/p>\n<\/div><\/div><\/div><\/div><\/div>\n","protected":false},"excerpt":{"rendered":"","protected":false},"author":1,"featured_media":0,"parent":0,"menu_order":100,"comment_status":"closed","ping_status":"closed","template":"100-width.php","meta":{"_monsterinsights_skip_tracking":false,"_monsterinsights_sitenote_active":false,"_monsterinsights_sitenote_note":"","_monsterinsights_sitenote_category":0,"footnotes":""},"class_list":["post-2245","page","type-page","status-publish","hentry"],"yoast_head":"<!-- This site is optimized with the Yoast SEO plugin v26.5 - https:\/\/yoast.com\/wordpress\/plugins\/seo\/ -->\n<title>K\u00fcnye - mediTUR | Deutsche Agentur f\u00fcr Medizintourismus in der T\u00fcrkei<\/title>\n<meta name=\"description\" content=\"\u0130stanbul&#039;un en iyi g\u00f6z lazer cerrahisi klinikleri ile i\u015fbirli\u011fi yap\u0131yoruz. G\u00f6z cerrah\u0131 m\u0131 ar\u0131yorsunuz? O zaman l\u00fctfen bizimle ileti\u015fime ge\u00e7in.\" \/>\n<meta name=\"robots\" content=\"index, follow, max-snippet:-1, max-image-preview:large, max-video-preview:-1\" \/>\n<link rel=\"canonical\" href=\"https:\/\/www.medi-tur.de\/tr\/kuenye\/\" \/>\n<meta property=\"og:locale\" content=\"tr_TR\" \/>\n<meta property=\"og:type\" content=\"article\" \/>\n<meta property=\"og:title\" content=\"K\u00fcnye - mediTUR | Deutsche Agentur f\u00fcr Medizintourismus in der T\u00fcrkei\" \/>\n<meta property=\"og:description\" content=\"\u0130stanbul&#039;un en iyi g\u00f6z lazer cerrahisi klinikleri ile i\u015fbirli\u011fi yap\u0131yoruz. G\u00f6z cerrah\u0131 m\u0131 ar\u0131yorsunuz? O zaman l\u00fctfen bizimle ileti\u015fime ge\u00e7in.\" \/>\n<meta property=\"og:url\" content=\"https:\/\/www.medi-tur.de\/tr\/kuenye\/\" \/>\n<meta property=\"og:site_name\" content=\"mediTUR | Deutsche Agentur f\u00fcr Medizintourismus in der T\u00fcrkei\" \/>\n<meta property=\"article:publisher\" content=\"https:\/\/www.facebook.com\/mediTURDeutschland\/\" \/>\n<meta property=\"article:modified_time\" content=\"2026-03-21T20:51:55+00:00\" \/>\n<meta name=\"twitter:card\" content=\"summary_large_image\" \/>\n<meta name=\"twitter:label1\" content=\"Tahmini okuma s\u00fcresi\" \/>\n\t<meta name=\"twitter:data1\" content=\"4 dakika\" \/>\n<script type=\"application\/ld+json\" class=\"yoast-schema-graph\">{\"@context\":\"https:\/\/schema.org\",\"@graph\":[{\"@type\":\"WebPage\",\"@id\":\"https:\/\/www.medi-tur.de\/tr\/kuenye\/\",\"url\":\"https:\/\/www.medi-tur.de\/tr\/kuenye\/\",\"name\":\"K\u00fcnye - mediTUR | Deutsche Agentur f\u00fcr Medizintourismus in der T\u00fcrkei\",\"isPartOf\":{\"@id\":\"https:\/\/www.medi-tur.de\/tr\/#website\"},\"datePublished\":\"2023-04-19T08:51:39+00:00\",\"dateModified\":\"2026-03-21T20:51:55+00:00\",\"description\":\"\u0130stanbul'un en iyi g\u00f6z lazer cerrahisi klinikleri ile i\u015fbirli\u011fi yap\u0131yoruz. G\u00f6z cerrah\u0131 m\u0131 ar\u0131yorsunuz? O zaman l\u00fctfen bizimle ileti\u015fime ge\u00e7in.\",\"breadcrumb\":{\"@id\":\"https:\/\/www.medi-tur.de\/tr\/kuenye\/#breadcrumb\"},\"inLanguage\":\"tr\",\"potentialAction\":[{\"@type\":\"ReadAction\",\"target\":[\"https:\/\/www.medi-tur.de\/tr\/kuenye\/\"]}]},{\"@type\":\"BreadcrumbList\",\"@id\":\"https:\/\/www.medi-tur.de\/tr\/kuenye\/#breadcrumb\",\"itemListElement\":[{\"@type\":\"ListItem\",\"position\":1,\"name\":\"Startseite\",\"item\":\"https:\/\/www.medi-tur.de\/tr\/\"},{\"@type\":\"ListItem\",\"position\":2,\"name\":\"K\u00fcnye\"}]},{\"@type\":\"WebSite\",\"@id\":\"https:\/\/www.medi-tur.de\/tr\/#website\",\"url\":\"https:\/\/www.medi-tur.de\/tr\/\",\"name\":\"mediTUR | Deutsche Agentur f\u00fcr Medizintourismus in der T\u00fcrkei\",\"description\":\"Als Vermittlungsagentur f\u00fcr Sch\u00f6nheitsoperationen unterst\u00fctzen wir Patienten bei der Suche nach geeigneten Chirurgen in der T\u00fcrkei.\",\"publisher\":{\"@id\":\"https:\/\/www.medi-tur.de\/tr\/#organization\"},\"potentialAction\":[{\"@type\":\"SearchAction\",\"target\":{\"@type\":\"EntryPoint\",\"urlTemplate\":\"https:\/\/www.medi-tur.de\/tr\/?s={search_term_string}\"},\"query-input\":{\"@type\":\"PropertyValueSpecification\",\"valueRequired\":true,\"valueName\":\"search_term_string\"}}],\"inLanguage\":\"tr\"},{\"@type\":\"Organization\",\"@id\":\"https:\/\/www.medi-tur.de\/tr\/#organization\",\"name\":\"mediTUR | Deutsche Agentur f\u00fcr Rhinoplastik, Haartransplantation, plastische Chirurgie, Zahnbehandlungen und Augenlasern\",\"alternateName\":\"mediTUR | Vermittlungsagentur f\u00fcr Medizintourismus\",\"url\":\"https:\/\/www.medi-tur.de\/tr\/\",\"logo\":{\"@type\":\"ImageObject\",\"inLanguage\":\"tr\",\"@id\":\"https:\/\/www.medi-tur.de\/tr\/#\/schema\/logo\/image\/\",\"url\":\"https:\/\/www.medi-tur.de\/wp-content\/uploads\/2024\/01\/Meditur-transparent-klein-1.png\",\"contentUrl\":\"https:\/\/www.medi-tur.de\/wp-content\/uploads\/2024\/01\/Meditur-transparent-klein-1.png\",\"width\":200,\"height\":100,\"caption\":\"mediTUR | Deutsche Agentur f\u00fcr Rhinoplastik, Haartransplantation, plastische Chirurgie, Zahnbehandlungen und Augenlasern\"},\"image\":{\"@id\":\"https:\/\/www.medi-tur.de\/tr\/#\/schema\/logo\/image\/\"},\"sameAs\":[\"https:\/\/www.facebook.com\/mediTURDeutschland\/\",\"https:\/\/www.instagram.com\/meditur_deutschland\/\"]}]}<\/script>\n<!-- \/ Yoast SEO plugin. -->","yoast_head_json":{"title":"K\u00fcnye - mediTUR | Deutsche Agentur f\u00fcr Medizintourismus in der T\u00fcrkei","description":"\u0130stanbul'un en iyi g\u00f6z lazer cerrahisi klinikleri ile i\u015fbirli\u011fi yap\u0131yoruz. G\u00f6z cerrah\u0131 m\u0131 ar\u0131yorsunuz? O zaman l\u00fctfen bizimle ileti\u015fime ge\u00e7in.","robots":{"index":"index","follow":"follow","max-snippet":"max-snippet:-1","max-image-preview":"max-image-preview:large","max-video-preview":"max-video-preview:-1"},"canonical":"https:\/\/www.medi-tur.de\/tr\/kuenye\/","og_locale":"tr_TR","og_type":"article","og_title":"K\u00fcnye - mediTUR | Deutsche Agentur f\u00fcr Medizintourismus in der T\u00fcrkei","og_description":"\u0130stanbul'un en iyi g\u00f6z lazer cerrahisi klinikleri ile i\u015fbirli\u011fi yap\u0131yoruz. G\u00f6z cerrah\u0131 m\u0131 ar\u0131yorsunuz? O zaman l\u00fctfen bizimle ileti\u015fime ge\u00e7in.","og_url":"https:\/\/www.medi-tur.de\/tr\/kuenye\/","og_site_name":"mediTUR | Deutsche Agentur f\u00fcr Medizintourismus in der T\u00fcrkei","article_publisher":"https:\/\/www.facebook.com\/mediTURDeutschland\/","article_modified_time":"2026-03-21T20:51:55+00:00","twitter_card":"summary_large_image","twitter_misc":{"Tahmini okuma s\u00fcresi":"4 dakika"},"schema":{"@context":"https:\/\/schema.org","@graph":[{"@type":"WebPage","@id":"https:\/\/www.medi-tur.de\/tr\/kuenye\/","url":"https:\/\/www.medi-tur.de\/tr\/kuenye\/","name":"K\u00fcnye - mediTUR | Deutsche Agentur f\u00fcr Medizintourismus in der T\u00fcrkei","isPartOf":{"@id":"https:\/\/www.medi-tur.de\/tr\/#website"},"datePublished":"2023-04-19T08:51:39+00:00","dateModified":"2026-03-21T20:51:55+00:00","description":"\u0130stanbul'un en iyi g\u00f6z lazer cerrahisi klinikleri ile i\u015fbirli\u011fi yap\u0131yoruz. G\u00f6z cerrah\u0131 m\u0131 ar\u0131yorsunuz? O zaman l\u00fctfen bizimle ileti\u015fime ge\u00e7in.","breadcrumb":{"@id":"https:\/\/www.medi-tur.de\/tr\/kuenye\/#breadcrumb"},"inLanguage":"tr","potentialAction":[{"@type":"ReadAction","target":["https:\/\/www.medi-tur.de\/tr\/kuenye\/"]}]},{"@type":"BreadcrumbList","@id":"https:\/\/www.medi-tur.de\/tr\/kuenye\/#breadcrumb","itemListElement":[{"@type":"ListItem","position":1,"name":"Startseite","item":"https:\/\/www.medi-tur.de\/tr\/"},{"@type":"ListItem","position":2,"name":"K\u00fcnye"}]},{"@type":"WebSite","@id":"https:\/\/www.medi-tur.de\/tr\/#website","url":"https:\/\/www.medi-tur.de\/tr\/","name":"mediTUR | Deutsche Agentur f\u00fcr Medizintourismus in der T\u00fcrkei","description":"Als Vermittlungsagentur f\u00fcr Sch\u00f6nheitsoperationen unterst\u00fctzen wir Patienten bei der Suche nach geeigneten Chirurgen in der T\u00fcrkei.","publisher":{"@id":"https:\/\/www.medi-tur.de\/tr\/#organization"},"potentialAction":[{"@type":"SearchAction","target":{"@type":"EntryPoint","urlTemplate":"https:\/\/www.medi-tur.de\/tr\/?s={search_term_string}"},"query-input":{"@type":"PropertyValueSpecification","valueRequired":true,"valueName":"search_term_string"}}],"inLanguage":"tr"},{"@type":"Organization","@id":"https:\/\/www.medi-tur.de\/tr\/#organization","name":"mediTUR | Deutsche Agentur f\u00fcr Rhinoplastik, Haartransplantation, plastische Chirurgie, Zahnbehandlungen und Augenlasern","alternateName":"mediTUR | Vermittlungsagentur f\u00fcr Medizintourismus","url":"https:\/\/www.medi-tur.de\/tr\/","logo":{"@type":"ImageObject","inLanguage":"tr","@id":"https:\/\/www.medi-tur.de\/tr\/#\/schema\/logo\/image\/","url":"https:\/\/www.medi-tur.de\/wp-content\/uploads\/2024\/01\/Meditur-transparent-klein-1.png","contentUrl":"https:\/\/www.medi-tur.de\/wp-content\/uploads\/2024\/01\/Meditur-transparent-klein-1.png","width":200,"height":100,"caption":"mediTUR | Deutsche Agentur f\u00fcr Rhinoplastik, Haartransplantation, plastische Chirurgie, Zahnbehandlungen und Augenlasern"},"image":{"@id":"https:\/\/www.medi-tur.de\/tr\/#\/schema\/logo\/image\/"},"sameAs":["https:\/\/www.facebook.com\/mediTURDeutschland\/","https:\/\/www.instagram.com\/meditur_deutschland\/"]}]}},"_links":{"self":[{"href":"https:\/\/www.medi-tur.de\/tr\/wp-json\/wp\/v2\/pages\/2245","targetHints":{"allow":["GET"]}}],"collection":[{"href":"https:\/\/www.medi-tur.de\/tr\/wp-json\/wp\/v2\/pages"}],"about":[{"href":"https:\/\/www.medi-tur.de\/tr\/wp-json\/wp\/v2\/types\/page"}],"author":[{"embeddable":true,"href":"https:\/\/www.medi-tur.de\/tr\/wp-json\/wp\/v2\/users\/1"}],"replies":[{"embeddable":true,"href":"https:\/\/www.medi-tur.de\/tr\/wp-json\/wp\/v2\/comments?post=2245"}],"version-history":[{"count":6,"href":"https:\/\/www.medi-tur.de\/tr\/wp-json\/wp\/v2\/pages\/2245\/revisions"}],"predecessor-version":[{"id":3836,"href":"https:\/\/www.medi-tur.de\/tr\/wp-json\/wp\/v2\/pages\/2245\/revisions\/3836"}],"wp:attachment":[{"href":"https:\/\/www.medi-tur.de\/tr\/wp-json\/wp\/v2\/media?parent=2245"}],"curies":[{"name":"wp","href":"https:\/\/api.w.org\/{rel}","templated":true}]}}