{"id":2321,"date":"2022-09-13T18:56:04","date_gmt":"2022-09-13T16:56:04","guid":{"rendered":"https:\/\/www.medi-tur.de\/protezione-dati\/"},"modified":"2023-08-01T14:59:33","modified_gmt":"2023-08-01T12:59:33","slug":"protezione-dati","status":"publish","type":"page","link":"https:\/\/www.medi-tur.de\/it\/protezione-dati\/","title":{"rendered":"Protezione dati"},"content":{"rendered":"<div class=\"fusion-fullwidth fullwidth-box fusion-builder-row-1 fusion-flex-container has-pattern-background has-mask-background nonhundred-percent-fullwidth non-hundred-percent-height-scrolling\" style=\"--awb-border-radius-top-left:0px;--awb-border-radius-top-right:0px;--awb-border-radius-bottom-right:0px;--awb-border-radius-bottom-left:0px;--awb-flex-wrap:wrap;\" ><div class=\"fusion-builder-row fusion-row fusion-flex-align-items-flex-start fusion-flex-content-wrap\" style=\"max-width:1216.8px;margin-left: calc(-4% \/ 2 );margin-right: calc(-4% \/ 2 );\"><div class=\"fusion-layout-column fusion_builder_column fusion-builder-column-0 fusion_builder_column_1_1 1_1 fusion-flex-column\" style=\"--awb-bg-size:cover;--awb-width-large:100%;--awb-margin-top-large:0px;--awb-spacing-right-large:1.92%;--awb-margin-bottom-large:30px;--awb-spacing-left-large:1.92%;--awb-width-medium:100%;--awb-order-medium:0;--awb-spacing-right-medium:1.92%;--awb-spacing-left-medium:1.92%;--awb-width-small:100%;--awb-order-small:0;--awb-spacing-right-small:1.92%;--awb-spacing-left-small:1.92%;\"><div class=\"fusion-column-wrapper fusion-column-has-shadow fusion-flex-justify-content-flex-start fusion-content-layout-column\"><div class=\"fusion-text fusion-text-1\"><h1>PROTEZIONE DATI<\/h1>\n<h2>1 Allgemeines<\/h2>\n<p>&nbsp;<\/p>\n<p>Ihre personenbezogenen Daten (z. B. Anrede, Name, Anschrift, E-Mail-Adresse, Telefonnummer) werden von uns nur gem\u00e4\u00df den Bestimmungen des deutschen Datenschutzrechts und des Datenschutzrechts der Europ\u00e4ischen Union (EU) verarbeitet. Die nachfolgenden Vorschriften informieren Sie neben den Verarbeitungszwecken, Rechtsgrundlagen, Empf\u00e4ngern, Speicherfristen auch \u00fcber Ihre Rechte und den Verantwortlichen f\u00fcr Ihre Datenverarbeitung. Diese Datenschutzerkl\u00e4rung bezieht sich nur auf unsere Websites. Falls Sie \u00fcber Links auf unseren Seiten auf andere Seiten weitergeleitet werden, informieren Sie sich bitte dort \u00fcber den jeweiligen Umgang mit Ihren Daten.<\/p>\n<h2>2 Kontaktaufnahme<\/h2>\n<p><strong>(1) Verarbeitungszweck<\/strong><\/p>\n<p>Ihre personenbezogenen Daten, die Sie uns per E-Mail, Kontaktformular etc. zur Verf\u00fcgung stellen, verarbeiten wir zur Beantwortung und Erledigung Ihrer Anfragen. Sie sind nicht verpflichtet, uns Ihre personenbezogenen Daten bereitzustellen. Aber ohne Mitteilung Ihrer E-Mail-Adresse k\u00f6nnen wir Ihnen auch nicht per E-Mail antworten.<\/p>\n<p><strong>(2) Rechtsgrundlagen<\/strong><\/p>\n<ol>\n<li>a) Sollten Sie uns eine ausdr\u00fcckliche Einwilligung zur Verarbeitung Ihrer Daten gegeben haben, ist Art. 6 Abs. 1a) DSGVO die Rechtsgrundlage f\u00fcr diese Verarbeitung.<\/li>\n<li>b) Sollten wir Ihre Daten zur Durchf\u00fchrung vorvertraglicher Ma\u00dfnahmen verarbeiten, ist Art. 6 Abs. 1b) DSGVO die Rechtsgrundlage.<\/li>\n<li>c) In allen anderen F\u00e4llen (insbesondere bei Nutzung eines Kontaktformulars) ist Art. 6 Abs. 1f) DSGVO die Rechtsgrundlage.<\/li>\n<\/ol>\n<p><strong>WIDERSPRUCHSRECHT: Sie haben das Recht, der Datenverarbeitung, die auf der Grundlage des Art. 6 Abs. 1f) DSGVO erfolgt und nicht der Direktwerbung dient, aus Gr\u00fcnden, die sich aus Ihrer besonderen Situation ergeben, jederzeit zu widersprechen.<\/strong><\/p>\n<p><strong>Im Falle der Direktwerbung k\u00f6nnen Sie der Verarbeitung hingegen ohne Angabe von Gr\u00fcnden jederzeit widersprechen. <\/strong><\/p>\n<p><strong>(3) Berechtigtes Interesse<\/strong><\/p>\n<p>Unser berechtigtes Interesse an der Verarbeitung besteht darin, mit Ihnen auf schnellem Wege zu kommunizieren und Ihre Anfragen kosteng\u00fcnstig zu beantworten. Wenn Sie uns Ihre Anschrift mitteilen, behalten wir uns vor, diese f\u00fcr postalische Direktwerbung zu verwenden. Ihr Interesse am Datenschutz k\u00f6nnen Sie durch eine sparsame Datenweitergabe (z. B. Verwendung eines Pseudonyms) wahren.<\/p>\n<p><strong>(4) Empf\u00e4ngerkategorien<\/strong><\/p>\n<p>Hostinganbieter, Versanddienstleister bei Direktwerbung<\/p>\n<p><strong>(5) Speicherdauer<\/strong><\/p>\n<p>Ihre Daten werden gel\u00f6scht, wenn sich aus den Umst\u00e4nden entnehmen l\u00e4sst, dass Ihre Anfrage bzw. der betroffene Sachverhalt abschlie\u00dfend gekl\u00e4rt ist.<\/p>\n<p>Falls es jedoch zu einem Vertragsschluss kommt, werden die nach Handels- und Steuerrecht erforderlichen Daten von uns f\u00fcr die gesetzlich bestimmten Zeitr\u00e4ume aufbewahrt, also regelm\u00e4\u00dfig zehn Jahre (vgl. \u00a7 257 HGB, \u00a7 147 AO).<\/p>\n<p><strong>(6) Widerrufsrecht<\/strong><\/p>\n<p>Sie haben im Fall der Verarbeitung aufgrund Ihrer Einwilligung das Recht, Ihre Einwilligung jederzeit zu widerrufen.<\/p>\n<h2>3 Weitere Informationen<\/h2>\n<h2>4 Webanalyse mit Google Analytics<\/h2>\n<p><strong>(1) Verarbeitungszweck<\/strong><\/p>\n<p>Diese Website benutzt Google Analytics, einen Webanalysedienst der Google Ireland Limited, Gordon House, Barrow Street, Dublin 4, Irland (&#8220;Google&#8221;). Google Analytics verwendet sog. &#8220;Cookies&#8221;, Textdateien, die auf Ihrem Computer gespeichert werden und die eine Analyse der Benutzung der Website durch Sie erm\u00f6glichen. Die durch den Cookie erzeugten Informationen \u00fcber Ihre Benutzung dieser Website werden in der Regel an einen Server von Google in den USA \u00fcbertragen und dort gespeichert. Im Falle der Aktivierung der IP-Anonymisierung auf dieser Website wird Ihre IP-Adresse von Google jedoch innerhalb von Mitgliedstaaten der Europ\u00e4ischen Union oder in anderen Vertragsstaaten des Abkommens \u00fcber den Europ\u00e4ischen Wirtschaftsraum zuvor gek\u00fcrzt. Nur in Ausnahmef\u00e4llen wird die volle IP-Adresse an einen Server von Google in den USA \u00fcbertragen und dort gek\u00fcrzt. Im Auftrag des Betreibers dieser Website wird Google diese Informationen benutzen, um Ihre Nutzung der Website auszuwerten, um Reports \u00fcber die Websiteaktivit\u00e4ten zusammenzustellen und um weitere mit der Websitenutzung und der Internetnutzung verbundene Dienstleistungen gegen\u00fcber dem Websitebetreiber zu erbringen.<\/p>\n<p><strong>(2) Rechtsgrundlage<\/strong><\/p>\n<p>Rechtsgrundlage f\u00fcr diese Verarbeitung ist Art. 6 Abs. 1a) DSGVO.<\/p>\n<p><strong>(3) Empf\u00e4ngerkategorien<\/strong><\/p>\n<p>Google und dessen Partnerunternehmen.<\/p>\n<p><strong>(4) \u00dcbermittlung an ein Drittland<\/strong><\/p>\n<p>Google Ireland Limited ist ein mit Google LLC verbundenes Unternehmen. Google LLC sitzt in den USA (1600 Amphitheatre Parkway, Mountain View, CA 94043).<\/p>\n<p><strong>(5) Speicherdauer<\/strong><\/p>\n<p>Unbegrenzt<\/p>\n<p><strong>(6) WIDERSPRUCHSRECHT<\/strong><\/p>\n<p><strong>Sie k\u00f6nnen die Speicherung der Cookies durch eine entsprechende Einstellung Ihrer Browser-Software verhindern; wir weisen Sie jedoch darauf hin, dass Sie in diesem Fall gegebenenfalls nicht s\u00e4mtliche Funktionen dieser Website vollumf\u00e4nglich werden nutzen k\u00f6nnen. Sie k\u00f6nnen dar\u00fcber hinaus die Erfassung der durch das Cookie erzeugten und auf Ihre Nutzung der Website bezogenen Daten (inkl. Ihrer IP-Adresse) an Google sowie die Verarbeitung dieser Daten durch Google verhindern, indem Sie das unter dem folgenden Link verf\u00fcgbare Browser-Plugin herunterladen und installieren: <\/strong><a href=\"http:\/\/tools.google.com\/dlpage\/gaoptout?hl=de\">optout<\/a><\/p>\n<p><strong>Sie k\u00f6nnen die Erfassung auch durch das Setzen eines Opt-Out-Cookies unterbinden. Wenn Sie die zuk\u00fcnftige Erfassung Ihrer Daten beim Besuch dieser Website verhindern m\u00f6chten, klicken Sie bitte hier: <\/strong>Google Analytics deaktivieren<\/p>\n<h2>5 Informationen \u00fcber Cookies<\/h2>\n<p><strong>(1) Verarbeitungszweck<\/strong><\/p>\n<p>Auf dieser Webseite werden technisch notwendige Cookies eingesetzt. Es handelt sich dabei um kleine Textdateien, die in bzw. von Ihrem Internetbrowser auf Ihrem Computersystem gespeichert werden.<\/p>\n<p><strong>(2) Rechtsgrundlage<\/strong><\/p>\n<p>Rechtsgrundlage f\u00fcr diese Verarbeitung ist Art. 6 Abs. 1f) DSGVO.<\/p>\n<p><strong>(3) Berechtigtes Interesse<\/strong><\/p>\n<p>Unser berechtigtes Interesse ist die Funktionsf\u00e4higkeit unserer Webseite. Die durch technisch notwendige Cookies erhobenen Nutzerdaten werden nicht zur Erstellung von Nutzerprofilen verwendet. Dadurch wird Ihr Interesse am Datenschutz gewahrt.<\/p>\n<p><strong>(4) Speicherdauer<\/strong><\/p>\n<p>Die technisch notwendigen Cookies werden im Regelfall mit dem Schlie\u00dfen des Browsers gel\u00f6scht. Dauerhaft gespeicherte Cookies haben eine unterschiedlich lange Lebensdauer von einigen Minuten bis zu mehreren Jahren.<\/p>\n<p><strong>(5) WIDERSPRUCHSRECHT<\/strong><\/p>\n<p><strong>Falls Sie die Speicherung dieser Cookies nicht w\u00fcnschen, deaktivieren Sie bitte die Annahme dieser Cookies in Ihrem Internetbrowser. Dies kann aber eine Funktionseinschr\u00e4nkung unserer Webseite zur Folge haben. Dauerhaft gespeicherte Cookies k\u00f6nnen Sie ebenfalls jederzeit \u00fcber Ihren Browser l\u00f6schen.<\/strong><\/p>\n<h2>6 Social Plugins von Facebook<\/h2>\n<p>Wir verwenden Social Plugins von facebook.com, betrieben durch Facebook Inc., 1601 S. California Ave, Palo Alto, CA 94304, USA. Die Plugins sind an dem Facebook Logo oder dem Zusatz &#8220;<em>Facebook Social Plugin<\/em>&#8221; zu erkennen. Wenn Sie z. B. den &#8220;<em>Gef\u00e4llt mir<\/em>&#8221; Button anklicken oder einen Kommentar abgeben, wird die entsprechende Information von Ihrem Browser direkt an Facebook \u00fcbermittelt und dort gespeichert. Weiterhin macht Facebook Ihre Vorlieben f\u00fcr Ihre Facebook-Freunde \u00f6ffentlich. Sind Sie bei Facebook eingeloggt, kann Facebook den Aufruf unserer Seite Ihrem Facebook-Konto direkt zuordnen. Auch wenn Sie nicht eingeloggt sind oder gar kein Facebook-Konto besitzen, \u00fcbermittelt Ihr Browser Informationen (z. B. welche Website Sie aufgerufen haben, Ihre IP-Adresse), die von Facebook gespeichert werden. Details zum Umgang mit Ihren pers\u00f6nlichen Daten durch Facebook sowie Ihren diesbez\u00fcglichen Rechten entnehmen Sie bitte den Datenschutzhinweisen von <a href=\"https:\/\/de-de.facebook.com\/about\/privacy\">Facebook<\/a>. Wenn Sie nicht m\u00f6chten, dass Facebook die \u00fcber unsere Websites \u00fcber Sie gesammelten Daten Ihrem Facebook-Konto zuordnet, m\u00fcssen Sie sich vor Ihrem Besuch unserer Websites bei Facebook ausloggen. Sie k\u00f6nnen das Laden der Facebook Plugins auch mit Add-Ons f\u00fcr Ihren Browser komplett verhindern, z. B. mit dem &#8220;<em>Facebook Blocker<\/em>&#8221; (Facebook).<\/p>\n<h2>7 Ihre Rechte als Betroffener<\/h2>\n<p>Werden personenbezogene Daten von Ihnen verarbeitet, sind Sie Betroffener im Sinne der DSGVO und es stehen Ihnen folgende Rechte gegen\u00fcber uns als Verantwortlichen zu:<\/p>\n<p>&nbsp;<\/p>\n<h3><strong> Recht auf Auskunft<\/strong><\/h3>\n<p>Sie k\u00f6nnen im Rahmen des Art. 15 DSGVO Auskunft \u00fcber Ihre von uns verarbeiteten personenbezogenen Daten verlangen.<\/p>\n<h3><strong> Recht auf Berichtigung<\/strong><\/h3>\n<p>Sollten die Sie betreffenden Angaben nicht (mehr) zutreffend sein, k\u00f6nnen Sie nach Art. 16 DSGVO eine Berichtigung verlangen. Sollten Ihre Daten unvollst\u00e4ndig sein, k\u00f6nnen Sie eine Vervollst\u00e4ndigung verlangen.<\/p>\n<h3><strong> Recht auf L\u00f6schung<\/strong><\/h3>\n<p>Sie k\u00f6nnen unter den Bedingungen des Art. 17 DSGVO die L\u00f6schung Ihrer personenbezogenen Daten verlangen.<\/p>\n<h3><strong> Recht auf Einschr\u00e4nkung der Verarbeitung<\/strong><\/h3>\n<p>Sie haben im Rahmen der Vorgaben des Art. 18 DSGVO das Recht, eine Einschr\u00e4nkung der Verarbeitung der Sie betreffenden Daten zu verlangen.<\/p>\n<h3><strong> Recht auf Daten\u00fcbertragbarkeit<\/strong><\/h3>\n<p>Sie haben nach Art. 20 DSGVO das Recht, die Sie betreffenden personenbezogenen Daten, die Sie uns bereitgestellt haben, in einem strukturierten, g\u00e4ngigen und maschinenlesbaren Format zu erhalten oder die \u00dcbermittlung an einen anderen Verantwortlichen zu verlangen.<\/p>\n<h3><strong> Recht auf Widerruf der datenschutzrechtlichen Einwilligungserkl\u00e4rung<\/strong><\/h3>\n<p>Sie haben nach Art. 7 Abs. 3 DSGVO das Recht, Ihre datenschutzrechtliche Einwilligungserkl\u00e4rung jederzeit zu widerrufen. Die Rechtm\u00e4\u00dfigkeit der aufgrund der Einwilligung bis zum Widerruf erfolgten Verarbeitung wird dadurch nicht ber\u00fchrt.<\/p>\n<h3><strong> Recht auf Beschwerde bei einer Aufsichtsbeh\u00f6rde<\/strong><\/h3>\n<p>Wenn Sie der Ansicht sind, dass die Verarbeitung der Sie betreffenden personenbezogenen Daten gegen die DSGVO verst\u00f6\u00dft, steht Ihnen nach Art. 77 DSGVO das Recht auf Beschwerde bei einer Aufsichtsbeh\u00f6rde (insbesondere in dem Mitgliedstaat ihres Aufenthaltsorts, ihres Arbeitsplatzes oder des Orts des mutma\u00dflichen Versto\u00dfes) zu.<\/p>\n<p>&nbsp;<\/p>\n<h3><strong>Bitte beachten Sie auch Ihr Widerspruchsrecht nach Art. 21 DSGVO:<\/strong><\/h3>\n<p><strong>a) Allgemein: begr\u00fcndeter Widerspruch erforderlich<\/strong><\/p>\n<p><strong>Erfolgt die Verarbeitung Sie betreffender personenbezogener Daten <\/strong><\/p>\n<p><strong>&#8211; zur Wahrung unseres \u00fcberwiegenden berechtigten Interesses (Rechtsgrundlage nach Art. 6 Abs. 1f) DSGVO) oder<\/strong><\/p>\n<p><strong>&#8211; im \u00f6ffentlichen Interesse (Rechtsgrundlage nach Art. 6 Abs. 1e) DSGVO), <\/strong><\/p>\n<p><strong>haben Sie das Recht, jederzeit aus Gr\u00fcnden, die sich aus Ihrer besonderen Situation ergeben, gegen die Verarbeitung Widerspruch einzulegen; dies gilt auch f\u00fcr ein auf die Bestimmungen der DSGVO gest\u00fctztes Profiling.<\/strong><\/p>\n<p>&nbsp;<\/p>\n<p><strong>Im Fall des Widerspruchs verarbeiten wir die Sie betreffenden personenbezogenen Daten nicht mehr, es sei denn, wir k\u00f6nnen zwingende schutzw\u00fcrdige Gr\u00fcnde f\u00fcr die Verarbeitung nachweisen, die Ihre Interessen, Rechte und Freiheiten \u00fcberwiegen, oder die Verarbeitung dient der Geltendmachung, Aus\u00fcbung oder Verteidigung von Rechtsanspr\u00fcchen.<\/strong><\/p>\n<p>&nbsp;<\/p>\n<p><strong>b) Sonderfall Direktwerbung: einfacher Widerspruch gen\u00fcgt<\/strong><\/p>\n<p><strong>Werden die Sie betreffenden personenbezogenen Daten verarbeitet, um Direktwerbung zu betreiben, haben Sie das Recht, jederzeit und ohne Angabe von Gr\u00fcnden Widerspruch gegen diese Verarbeitung einzulegen; dies gilt auch f\u00fcr das Profiling, soweit es mit solcher Direktwerbung in Verbindung steht.<\/strong><\/p>\n<p>&nbsp;<\/p>\n<p><strong>Widersprechen Sie der Verarbeitung f\u00fcr Zwecke der Direktwerbung, so werden die Sie betreffenden personenbezogenen Daten nicht mehr f\u00fcr diese Zwecke verarbeitet.<\/strong><\/p>\n<p>&nbsp;<\/p>\n<p><strong>Verantwortlicher f\u00fcr die Datenverarbeitung:<\/strong><br \/>\nCem Azakliogullari<br \/>\nAuweg 20<br \/>\n95339 Wirsberg<br \/>\nTelefono: +49 9227 3990503<br \/>\npost@medi-tur.de<\/p>\n<p>&nbsp;<\/p>\n<p>&nbsp;<\/p>\n<\/div><\/div><\/div><\/div><\/div>\n","protected":false},"excerpt":{"rendered":"","protected":false},"author":1,"featured_media":0,"parent":0,"menu_order":110,"comment_status":"closed","ping_status":"closed","template":"100-width.php","meta":{"_monsterinsights_skip_tracking":false,"_monsterinsights_sitenote_active":false,"_monsterinsights_sitenote_note":"","_monsterinsights_sitenote_category":0,"footnotes":""},"class_list":["post-2321","page","type-page","status-publish","hentry"],"yoast_head":"<!-- This site is optimized with the Yoast SEO plugin v26.5 - https:\/\/yoast.com\/wordpress\/plugins\/seo\/ -->\n<title>Protezione dati - mediTUR | Deutsche Agentur f\u00fcr Medizintourismus in der T\u00fcrkei<\/title>\n<meta name=\"description\" content=\"In qualit\u00e0 di specialista per le cure dentistiche in Turchia, ti metteremo in contatto con la clinica odontoiatrica turca giusta per soddisfare le tue esigenze.\" \/>\n<meta name=\"robots\" content=\"index, follow, max-snippet:-1, max-image-preview:large, max-video-preview:-1\" \/>\n<link rel=\"canonical\" href=\"https:\/\/www.medi-tur.de\/it\/protezione-dati\/\" \/>\n<meta property=\"og:locale\" content=\"it_IT\" \/>\n<meta property=\"og:type\" content=\"article\" \/>\n<meta property=\"og:title\" content=\"Protezione dati - mediTUR | Deutsche Agentur f\u00fcr Medizintourismus in der T\u00fcrkei\" \/>\n<meta property=\"og:description\" content=\"In qualit\u00e0 di specialista per le cure dentistiche in Turchia, ti metteremo in contatto con la clinica odontoiatrica turca giusta per soddisfare le tue esigenze.\" \/>\n<meta property=\"og:url\" content=\"https:\/\/www.medi-tur.de\/it\/protezione-dati\/\" \/>\n<meta property=\"og:site_name\" content=\"mediTUR | Deutsche Agentur f\u00fcr Medizintourismus in der T\u00fcrkei\" \/>\n<meta property=\"article:publisher\" content=\"https:\/\/www.facebook.com\/mediTURDeutschland\/\" \/>\n<meta property=\"article:modified_time\" content=\"2023-08-01T12:59:33+00:00\" \/>\n<meta name=\"twitter:card\" content=\"summary_large_image\" \/>\n<meta name=\"twitter:label1\" content=\"Tempo di lettura stimato\" \/>\n\t<meta name=\"twitter:data1\" content=\"12 minuti\" \/>\n<script type=\"application\/ld+json\" class=\"yoast-schema-graph\">{\"@context\":\"https:\/\/schema.org\",\"@graph\":[{\"@type\":\"WebPage\",\"@id\":\"https:\/\/www.medi-tur.de\/it\/protezione-dati\/\",\"url\":\"https:\/\/www.medi-tur.de\/it\/protezione-dati\/\",\"name\":\"Protezione dati - mediTUR | Deutsche Agentur f\u00fcr Medizintourismus in der T\u00fcrkei\",\"isPartOf\":{\"@id\":\"https:\/\/www.medi-tur.de\/it\/#website\"},\"datePublished\":\"2022-09-13T16:56:04+00:00\",\"dateModified\":\"2023-08-01T12:59:33+00:00\",\"description\":\"In qualit\u00e0 di specialista per le cure dentistiche in Turchia, ti metteremo in contatto con la clinica odontoiatrica turca giusta per soddisfare le tue esigenze.\",\"breadcrumb\":{\"@id\":\"https:\/\/www.medi-tur.de\/it\/protezione-dati\/#breadcrumb\"},\"inLanguage\":\"it-IT\",\"potentialAction\":[{\"@type\":\"ReadAction\",\"target\":[\"https:\/\/www.medi-tur.de\/it\/protezione-dati\/\"]}]},{\"@type\":\"BreadcrumbList\",\"@id\":\"https:\/\/www.medi-tur.de\/it\/protezione-dati\/#breadcrumb\",\"itemListElement\":[{\"@type\":\"ListItem\",\"position\":1,\"name\":\"Startseite\",\"item\":\"https:\/\/www.medi-tur.de\/it\/\"},{\"@type\":\"ListItem\",\"position\":2,\"name\":\"Protezione dati\"}]},{\"@type\":\"WebSite\",\"@id\":\"https:\/\/www.medi-tur.de\/it\/#website\",\"url\":\"https:\/\/www.medi-tur.de\/it\/\",\"name\":\"mediTUR | Deutsche Agentur f\u00fcr Medizintourismus in der T\u00fcrkei\",\"description\":\"Als Vermittlungsagentur f\u00fcr Sch\u00f6nheitsoperationen unterst\u00fctzen wir Patienten bei der Suche nach geeigneten Chirurgen in der T\u00fcrkei.\",\"publisher\":{\"@id\":\"https:\/\/www.medi-tur.de\/it\/#organization\"},\"potentialAction\":[{\"@type\":\"SearchAction\",\"target\":{\"@type\":\"EntryPoint\",\"urlTemplate\":\"https:\/\/www.medi-tur.de\/it\/?s={search_term_string}\"},\"query-input\":{\"@type\":\"PropertyValueSpecification\",\"valueRequired\":true,\"valueName\":\"search_term_string\"}}],\"inLanguage\":\"it-IT\"},{\"@type\":\"Organization\",\"@id\":\"https:\/\/www.medi-tur.de\/it\/#organization\",\"name\":\"mediTUR | Deutsche Agentur f\u00fcr Rhinoplastik, Haartransplantation, plastische Chirurgie, Zahnbehandlungen und Augenlasern\",\"alternateName\":\"mediTUR | Vermittlungsagentur f\u00fcr Medizintourismus\",\"url\":\"https:\/\/www.medi-tur.de\/it\/\",\"logo\":{\"@type\":\"ImageObject\",\"inLanguage\":\"it-IT\",\"@id\":\"https:\/\/www.medi-tur.de\/it\/#\/schema\/logo\/image\/\",\"url\":\"https:\/\/www.medi-tur.de\/wp-content\/uploads\/2024\/01\/Meditur-transparent-klein-1.png\",\"contentUrl\":\"https:\/\/www.medi-tur.de\/wp-content\/uploads\/2024\/01\/Meditur-transparent-klein-1.png\",\"width\":200,\"height\":100,\"caption\":\"mediTUR | Deutsche Agentur f\u00fcr Rhinoplastik, Haartransplantation, plastische Chirurgie, Zahnbehandlungen und Augenlasern\"},\"image\":{\"@id\":\"https:\/\/www.medi-tur.de\/it\/#\/schema\/logo\/image\/\"},\"sameAs\":[\"https:\/\/www.facebook.com\/mediTURDeutschland\/\",\"https:\/\/www.instagram.com\/meditur_deutschland\/\"]}]}<\/script>\n<!-- \/ Yoast SEO plugin. -->","yoast_head_json":{"title":"Protezione dati - mediTUR | Deutsche Agentur f\u00fcr Medizintourismus in der T\u00fcrkei","description":"In qualit\u00e0 di specialista per le cure dentistiche in Turchia, ti metteremo in contatto con la clinica odontoiatrica turca giusta per soddisfare le tue esigenze.","robots":{"index":"index","follow":"follow","max-snippet":"max-snippet:-1","max-image-preview":"max-image-preview:large","max-video-preview":"max-video-preview:-1"},"canonical":"https:\/\/www.medi-tur.de\/it\/protezione-dati\/","og_locale":"it_IT","og_type":"article","og_title":"Protezione dati - mediTUR | Deutsche Agentur f\u00fcr Medizintourismus in der T\u00fcrkei","og_description":"In qualit\u00e0 di specialista per le cure dentistiche in Turchia, ti metteremo in contatto con la clinica odontoiatrica turca giusta per soddisfare le tue esigenze.","og_url":"https:\/\/www.medi-tur.de\/it\/protezione-dati\/","og_site_name":"mediTUR | Deutsche Agentur f\u00fcr Medizintourismus in der T\u00fcrkei","article_publisher":"https:\/\/www.facebook.com\/mediTURDeutschland\/","article_modified_time":"2023-08-01T12:59:33+00:00","twitter_card":"summary_large_image","twitter_misc":{"Tempo di lettura stimato":"12 minuti"},"schema":{"@context":"https:\/\/schema.org","@graph":[{"@type":"WebPage","@id":"https:\/\/www.medi-tur.de\/it\/protezione-dati\/","url":"https:\/\/www.medi-tur.de\/it\/protezione-dati\/","name":"Protezione dati - mediTUR | Deutsche Agentur f\u00fcr Medizintourismus in der T\u00fcrkei","isPartOf":{"@id":"https:\/\/www.medi-tur.de\/it\/#website"},"datePublished":"2022-09-13T16:56:04+00:00","dateModified":"2023-08-01T12:59:33+00:00","description":"In qualit\u00e0 di specialista per le cure dentistiche in Turchia, ti metteremo in contatto con la clinica odontoiatrica turca giusta per soddisfare le tue esigenze.","breadcrumb":{"@id":"https:\/\/www.medi-tur.de\/it\/protezione-dati\/#breadcrumb"},"inLanguage":"it-IT","potentialAction":[{"@type":"ReadAction","target":["https:\/\/www.medi-tur.de\/it\/protezione-dati\/"]}]},{"@type":"BreadcrumbList","@id":"https:\/\/www.medi-tur.de\/it\/protezione-dati\/#breadcrumb","itemListElement":[{"@type":"ListItem","position":1,"name":"Startseite","item":"https:\/\/www.medi-tur.de\/it\/"},{"@type":"ListItem","position":2,"name":"Protezione dati"}]},{"@type":"WebSite","@id":"https:\/\/www.medi-tur.de\/it\/#website","url":"https:\/\/www.medi-tur.de\/it\/","name":"mediTUR | Deutsche Agentur f\u00fcr Medizintourismus in der T\u00fcrkei","description":"Als Vermittlungsagentur f\u00fcr Sch\u00f6nheitsoperationen unterst\u00fctzen wir Patienten bei der Suche nach geeigneten Chirurgen in der T\u00fcrkei.","publisher":{"@id":"https:\/\/www.medi-tur.de\/it\/#organization"},"potentialAction":[{"@type":"SearchAction","target":{"@type":"EntryPoint","urlTemplate":"https:\/\/www.medi-tur.de\/it\/?s={search_term_string}"},"query-input":{"@type":"PropertyValueSpecification","valueRequired":true,"valueName":"search_term_string"}}],"inLanguage":"it-IT"},{"@type":"Organization","@id":"https:\/\/www.medi-tur.de\/it\/#organization","name":"mediTUR | Deutsche Agentur f\u00fcr Rhinoplastik, Haartransplantation, plastische Chirurgie, Zahnbehandlungen und Augenlasern","alternateName":"mediTUR | Vermittlungsagentur f\u00fcr Medizintourismus","url":"https:\/\/www.medi-tur.de\/it\/","logo":{"@type":"ImageObject","inLanguage":"it-IT","@id":"https:\/\/www.medi-tur.de\/it\/#\/schema\/logo\/image\/","url":"https:\/\/www.medi-tur.de\/wp-content\/uploads\/2024\/01\/Meditur-transparent-klein-1.png","contentUrl":"https:\/\/www.medi-tur.de\/wp-content\/uploads\/2024\/01\/Meditur-transparent-klein-1.png","width":200,"height":100,"caption":"mediTUR | Deutsche Agentur f\u00fcr Rhinoplastik, Haartransplantation, plastische Chirurgie, Zahnbehandlungen und Augenlasern"},"image":{"@id":"https:\/\/www.medi-tur.de\/it\/#\/schema\/logo\/image\/"},"sameAs":["https:\/\/www.facebook.com\/mediTURDeutschland\/","https:\/\/www.instagram.com\/meditur_deutschland\/"]}]}},"_links":{"self":[{"href":"https:\/\/www.medi-tur.de\/it\/wp-json\/wp\/v2\/pages\/2321","targetHints":{"allow":["GET"]}}],"collection":[{"href":"https:\/\/www.medi-tur.de\/it\/wp-json\/wp\/v2\/pages"}],"about":[{"href":"https:\/\/www.medi-tur.de\/it\/wp-json\/wp\/v2\/types\/page"}],"author":[{"embeddable":true,"href":"https:\/\/www.medi-tur.de\/it\/wp-json\/wp\/v2\/users\/1"}],"replies":[{"embeddable":true,"href":"https:\/\/www.medi-tur.de\/it\/wp-json\/wp\/v2\/comments?post=2321"}],"version-history":[{"count":0,"href":"https:\/\/www.medi-tur.de\/it\/wp-json\/wp\/v2\/pages\/2321\/revisions"}],"wp:attachment":[{"href":"https:\/\/www.medi-tur.de\/it\/wp-json\/wp\/v2\/media?parent=2321"}],"curies":[{"name":"wp","href":"https:\/\/api.w.org\/{rel}","templated":true}]}}