{"id":2294,"date":"2023-04-19T10:51:39","date_gmt":"2023-04-19T08:51:39","guid":{"rendered":"https:\/\/www.medi-tur.de\/imprimer\/"},"modified":"2026-03-21T21:52:27","modified_gmt":"2026-03-21T20:52:27","slug":"imprimer","status":"publish","type":"page","link":"https:\/\/www.medi-tur.de\/fr\/imprimer\/","title":{"rendered":"imprimer"},"content":{"rendered":"<div class=\"fusion-fullwidth fullwidth-box fusion-builder-row-1 fusion-flex-container nonhundred-percent-fullwidth non-hundred-percent-height-scrolling\" style=\"--awb-border-radius-top-left:0px;--awb-border-radius-top-right:0px;--awb-border-radius-bottom-right:0px;--awb-border-radius-bottom-left:0px;--awb-padding-top:65px;--awb-padding-right:40px;--awb-padding-left:40px;--awb-margin-top:70px;--awb-background-color:#ffffff;--awb-flex-wrap:wrap;\" ><div class=\"fusion-builder-row fusion-row fusion-flex-align-items-flex-start fusion-flex-content-wrap\" style=\"max-width:1216.8px;margin-left: calc(-4% \/ 2 );margin-right: calc(-4% \/ 2 );\"><div class=\"fusion-layout-column fusion_builder_column fusion-builder-column-0 fusion_builder_column_1_3 1_3 fusion-flex-column\" style=\"--awb-bg-blend:overlay;--awb-bg-size:cover;--awb-width-large:33.333333333333%;--awb-margin-top-large:0px;--awb-spacing-right-large:3.84%;--awb-margin-bottom-large:30px;--awb-spacing-left-large:5.76%;--awb-width-medium:100%;--awb-spacing-right-medium:1.92%;--awb-spacing-left-medium:1.92%;--awb-width-small:100%;--awb-spacing-right-small:1.92%;--awb-spacing-left-small:1.92%;\"><div class=\"fusion-column-wrapper fusion-flex-justify-content-flex-start fusion-content-layout-column\"><div class=\"fusion-text fusion-text-1\"><h2 class=\"fusion-responsive-typography-calculated\" style=\"--fontsize: 32; line-height: 1.25;\" data-fontsize=\"32\" data-lineheight=\"40px\">imprimer<\/h2>\n<p>Angaben gem\u00e4\u00df \u00a7 5 DDG:<\/p>\n<p>Propri\u00e9taire de mediTUR Cem Azakliogullari<br \/>\nVorwerkstr. 4<br \/>\n95326 Kulmbach<\/p>\n<h2 class=\"fusion-responsive-typography-calculated\" style=\"--fontsize: 32; line-height: 1.25;\" data-fontsize=\"32\" data-lineheight=\"40px\">Contact:<\/h2>\n<p>Telefon:+49 160 7942553<br \/>\nE-mail : post@medi-tur.de<br \/>\nl&rsquo;Internet: https:\/\/www.medi-tur.de<\/p>\n<h2 class=\"fusion-responsive-typography-calculated\" style=\"--fontsize: 32; line-height: 1.25;\" data-fontsize=\"32\" data-lineheight=\"40px\">Num\u00e9ro d&rsquo;identification fiscale :<\/h2>\n<p>Num\u00e9ro d&rsquo;identification fiscale conform\u00e9ment au \u00a7 27 a de la loi sur la taxe de vente :<br \/>\nDE272475392<\/p>\n<h2>Conception et design :<\/h2>\n<p>Ideenreich Marketing &amp; Design<br \/>\nAm Jurablick 25<br \/>\n95512 Neudrossenfeld<br \/>\n<a href=\"https:\/\/www.ideenreich.marketing\/\" target=\"_blank\" rel=\"noopener\">www.ideenreich.marketing<\/a><\/p>\n<h2 class=\"fusion-responsive-typography-calculated\" style=\"--fontsize: 32; line-height: 1.25;\" data-fontsize=\"32\" data-lineheight=\"40px\">Responsable du contenu selon \u00a7 55 Abs. 2 RStV:<\/h2>\n<p>Cem Azakliogullari<br \/>\nVorwerkstr. 4<br \/>\n95326 Kulmbach<br \/>\nTelefon: +49 160 7942553<\/p>\n<h3>Des photos<\/h3>\n<p><a href=\"https:\/\/www.canva.com\" target=\"_blank\" rel=\"noopener\">Canva<\/a><\/p>\n<table>\n<tbody>\n<tr class=\"showcase__item\" data-type=\"photo\" data-w=\"626\" data-h=\"417\" data-id=\"10322631\">\n<td class=\"table__text hide-tablet\"><a class=\"link link--text font-sm regular\" href=\"https:\/\/www.freepik.com\/author\/wayhomestudio\">@wayhomestudio<\/a><\/td>\n<\/tr>\n<\/tbody>\n<\/table>\n<p><a class=\"link link--text font-sm regular\" href=\"https:\/\/www.freepik.com\/author\/wayhomestudio\">@wayhomestudio<\/a><\/p>\n<table>\n<tbody>\n<tr class=\"showcase__item\" data-type=\"photo\" data-w=\"626\" data-h=\"417\" data-id=\"9685736\">\n<td class=\"table__text hide-tablet\"><a class=\"link link--text font-sm regular\" href=\"https:\/\/www.freepik.com\/author\/nomadsoul1\">@nomadsoul1<\/a><\/td>\n<\/tr>\n<\/tbody>\n<\/table>\n<p><a class=\"link link--text font-sm regular\" href=\"https:\/\/www.freepik.com\/author\/freepik\">@freepik<\/a><\/p>\n<table>\n<tbody>\n<tr class=\"showcase__item\" data-type=\"photo\" data-w=\"626\" data-h=\"417\" data-id=\"12115162\">\n<td class=\"table__text hide-tablet\"><a class=\"link link--text font-sm regular\" href=\"https:\/\/www.freepik.com\/author\/gpointstudio\">@gpointstudio<\/a><\/td>\n<\/tr>\n<\/tbody>\n<\/table>\n<p><a class=\"link link--text font-sm regular\" href=\"https:\/\/www.freepik.com\/author\/pressfoto\">@pressfoto<\/a><\/p>\n<\/div><\/div><\/div><div class=\"fusion-layout-column fusion_builder_column fusion-builder-column-1 fusion_builder_column_2_3 2_3 fusion-flex-column\" style=\"--awb-bg-blend:overlay;--awb-bg-size:cover;--awb-width-large:66.666666666667%;--awb-margin-top-large:0px;--awb-spacing-right-large:2.88%;--awb-margin-bottom-large:30px;--awb-spacing-left-large:3.84%;--awb-width-medium:100%;--awb-spacing-right-medium:1.92%;--awb-spacing-left-medium:1.92%;--awb-width-small:100%;--awb-spacing-right-small:1.92%;--awb-spacing-left-small:1.92%;\"><div class=\"fusion-column-wrapper fusion-flex-justify-content-flex-start fusion-content-layout-column\"><div class=\"fusion-text fusion-text-2\"><h2>mediTUR<\/h2>\n<h2>Clause de non-responsabilit\u00e9<\/h2>\n<p><strong>Responsabilit\u00e9 du contenu<\/strong><\/p>\n<p>En tant que prestataire de services, nous sommes conformes au \u00a7 7 Abs.1 DDG f\u00fcr eigene Inhalte auf diesen Seiten nach den allgemeinen Gesetzen verantwortlich. Nach \u00a7\u00a7 8 bis 10 DDG sind wir als Diensteanbieter jedoch nicht verpflichtet, \u00fcbermittelte oder gespeicherte fremde Informationen zu \u00fcberwachen oder nach Umst\u00e4nden zu forschen, die auf eine rechtswidrige T\u00e4tigkeit hinweisen. Les obligations de supprimer ou de bloquer l&rsquo;utilisation des informations conform\u00e9ment aux lois g\u00e9n\u00e9rales restent inchang\u00e9es. Toutefois, la responsabilit\u00e9 \u00e0 cet \u00e9gard n&rsquo;est possible qu&rsquo;\u00e0 partir du moment o\u00f9 la connaissance d&rsquo;une infraction concr\u00e8te \u00e0 la loi est connue. D\u00e8s que nous prendrons connaissance de toute violation de la loi, nous supprimerons imm\u00e9diatement ce contenu.<\/p>\n<p><strong>Responsabilit\u00e9 pour les liens<\/strong><\/p>\n<p>Notre offre contient des liens vers des sites Web externes de tiers, sur lesquels nous n&rsquo;avons aucune influence. Par cons\u00e9quent, nous ne pouvons assumer aucune responsabilit\u00e9 pour ce contenu externe. Le fournisseur ou l&rsquo;exploitant respectif des pages est toujours responsable du contenu des pages li\u00e9es. Les pages li\u00e9es ont \u00e9t\u00e9 v\u00e9rifi\u00e9es pour d&rsquo;\u00e9ventuelles violations de la loi au moment de la liaison. Le contenu ill\u00e9gal n&rsquo;\u00e9tait pas reconnaissable au moment de la cr\u00e9ation du lien. Cependant, un contr\u00f4le permanent du contenu des pages li\u00e9es n&rsquo;est pas raisonnable sans preuves concr\u00e8tes d&rsquo;une infraction. D\u00e8s que nous aurons connaissance de violations l\u00e9gales, nous supprimerons imm\u00e9diatement ces liens.<\/p>\n<p><strong>droits d&rsquo;auteur<\/strong><\/p>\n<p>Le contenu et les travaux sur ces pages cr\u00e9\u00e9s par les exploitants du site sont soumis \u00e0 la loi allemande sur le droit d&rsquo;auteur. La duplication, l&rsquo;\u00e9dition, la distribution et tout type d&rsquo;exploitation en dehors des limites du droit d&rsquo;auteur n\u00e9cessitent le consentement \u00e9crit de l&rsquo;auteur ou du cr\u00e9ateur respectif. Les t\u00e9l\u00e9chargements et copies de ce site ne sont autoris\u00e9s que pour un usage priv\u00e9 et non commercial. Dans la mesure o\u00f9 le contenu de ce site n&rsquo;a pas \u00e9t\u00e9 cr\u00e9\u00e9 par l&rsquo;exploitant, les droits d&rsquo;auteur de tiers sont respect\u00e9s. En particulier, les contenus de tiers sont signal\u00e9s comme tels. Si vous avez n\u00e9anmoins connaissance d&rsquo;une violation du droit d&rsquo;auteur, nous vous demandons de nous en informer en cons\u00e9quence. D\u00e8s que nous aurons connaissance de violations l\u00e9gales, nous supprimerons imm\u00e9diatement ce contenu.<\/p>\n<p><i>Sources: <a href=\"http:\/\/www.e-recht24.de\/muster-disclaimer.html\" target=\"_blank\" rel=\"nofollow noopener noreferrer\">Disclaimer eRecht24<\/a><\/i><\/p>\n<\/div><\/div><\/div><\/div><\/div>\n","protected":false},"excerpt":{"rendered":"","protected":false},"author":1,"featured_media":0,"parent":0,"menu_order":100,"comment_status":"closed","ping_status":"closed","template":"100-width.php","meta":{"_monsterinsights_skip_tracking":false,"_monsterinsights_sitenote_active":false,"_monsterinsights_sitenote_note":"","_monsterinsights_sitenote_category":0,"footnotes":""},"class_list":["post-2294","page","type-page","status-publish","hentry"],"yoast_head":"<!-- This site is optimized with the Yoast SEO plugin v26.5 - https:\/\/yoast.com\/wordpress\/plugins\/seo\/ -->\n<title>imprimer - mediTUR | Deutsche Agentur f\u00fcr Medizintourismus in der T\u00fcrkei<\/title>\n<meta name=\"description\" content=\"Nous coop\u00e9rons avec les meilleures cliniques laser pour les yeux \u00e0 Istanbul. Vous cherchez un chirurgien ophtalmologiste ? Alors contactez-nous s&#039;il vous pla\u00eet.\" \/>\n<meta name=\"robots\" content=\"index, follow, max-snippet:-1, max-image-preview:large, max-video-preview:-1\" \/>\n<link rel=\"canonical\" href=\"https:\/\/www.medi-tur.de\/fr\/imprimer\/\" \/>\n<meta property=\"og:locale\" content=\"fr_FR\" \/>\n<meta property=\"og:type\" content=\"article\" \/>\n<meta property=\"og:title\" content=\"imprimer - mediTUR | Deutsche Agentur f\u00fcr Medizintourismus in der T\u00fcrkei\" \/>\n<meta property=\"og:description\" content=\"Nous coop\u00e9rons avec les meilleures cliniques laser pour les yeux \u00e0 Istanbul. Vous cherchez un chirurgien ophtalmologiste ? Alors contactez-nous s&#039;il vous pla\u00eet.\" \/>\n<meta property=\"og:url\" content=\"https:\/\/www.medi-tur.de\/fr\/imprimer\/\" \/>\n<meta property=\"og:site_name\" content=\"mediTUR | Deutsche Agentur f\u00fcr Medizintourismus in der T\u00fcrkei\" \/>\n<meta property=\"article:publisher\" content=\"https:\/\/www.facebook.com\/mediTURDeutschland\/\" \/>\n<meta property=\"article:modified_time\" content=\"2026-03-21T20:52:27+00:00\" \/>\n<meta name=\"twitter:card\" content=\"summary_large_image\" \/>\n<meta name=\"twitter:label1\" content=\"Dur\u00e9e de lecture estim\u00e9e\" \/>\n\t<meta name=\"twitter:data1\" content=\"5 minutes\" \/>\n<script type=\"application\/ld+json\" class=\"yoast-schema-graph\">{\"@context\":\"https:\/\/schema.org\",\"@graph\":[{\"@type\":\"WebPage\",\"@id\":\"https:\/\/www.medi-tur.de\/fr\/imprimer\/\",\"url\":\"https:\/\/www.medi-tur.de\/fr\/imprimer\/\",\"name\":\"imprimer - mediTUR | Deutsche Agentur f\u00fcr Medizintourismus in der T\u00fcrkei\",\"isPartOf\":{\"@id\":\"https:\/\/www.medi-tur.de\/fr\/#website\"},\"datePublished\":\"2023-04-19T08:51:39+00:00\",\"dateModified\":\"2026-03-21T20:52:27+00:00\",\"description\":\"Nous coop\u00e9rons avec les meilleures cliniques laser pour les yeux \u00e0 Istanbul. Vous cherchez un chirurgien ophtalmologiste ? Alors contactez-nous s'il vous pla\u00eet.\",\"breadcrumb\":{\"@id\":\"https:\/\/www.medi-tur.de\/fr\/imprimer\/#breadcrumb\"},\"inLanguage\":\"fr-FR\",\"potentialAction\":[{\"@type\":\"ReadAction\",\"target\":[\"https:\/\/www.medi-tur.de\/fr\/imprimer\/\"]}]},{\"@type\":\"BreadcrumbList\",\"@id\":\"https:\/\/www.medi-tur.de\/fr\/imprimer\/#breadcrumb\",\"itemListElement\":[{\"@type\":\"ListItem\",\"position\":1,\"name\":\"Startseite\",\"item\":\"https:\/\/www.medi-tur.de\/fr\/\"},{\"@type\":\"ListItem\",\"position\":2,\"name\":\"imprimer\"}]},{\"@type\":\"WebSite\",\"@id\":\"https:\/\/www.medi-tur.de\/fr\/#website\",\"url\":\"https:\/\/www.medi-tur.de\/fr\/\",\"name\":\"mediTUR | Deutsche Agentur f\u00fcr Medizintourismus in der T\u00fcrkei\",\"description\":\"Als Vermittlungsagentur f\u00fcr Sch\u00f6nheitsoperationen unterst\u00fctzen wir Patienten bei der Suche nach geeigneten Chirurgen in der T\u00fcrkei.\",\"publisher\":{\"@id\":\"https:\/\/www.medi-tur.de\/fr\/#organization\"},\"potentialAction\":[{\"@type\":\"SearchAction\",\"target\":{\"@type\":\"EntryPoint\",\"urlTemplate\":\"https:\/\/www.medi-tur.de\/fr\/?s={search_term_string}\"},\"query-input\":{\"@type\":\"PropertyValueSpecification\",\"valueRequired\":true,\"valueName\":\"search_term_string\"}}],\"inLanguage\":\"fr-FR\"},{\"@type\":\"Organization\",\"@id\":\"https:\/\/www.medi-tur.de\/fr\/#organization\",\"name\":\"mediTUR | Deutsche Agentur f\u00fcr Rhinoplastik, Haartransplantation, plastische Chirurgie, Zahnbehandlungen und Augenlasern\",\"alternateName\":\"mediTUR | Vermittlungsagentur f\u00fcr Medizintourismus\",\"url\":\"https:\/\/www.medi-tur.de\/fr\/\",\"logo\":{\"@type\":\"ImageObject\",\"inLanguage\":\"fr-FR\",\"@id\":\"https:\/\/www.medi-tur.de\/fr\/#\/schema\/logo\/image\/\",\"url\":\"https:\/\/www.medi-tur.de\/wp-content\/uploads\/2024\/01\/Meditur-transparent-klein-1.png\",\"contentUrl\":\"https:\/\/www.medi-tur.de\/wp-content\/uploads\/2024\/01\/Meditur-transparent-klein-1.png\",\"width\":200,\"height\":100,\"caption\":\"mediTUR | Deutsche Agentur f\u00fcr Rhinoplastik, Haartransplantation, plastische Chirurgie, Zahnbehandlungen und Augenlasern\"},\"image\":{\"@id\":\"https:\/\/www.medi-tur.de\/fr\/#\/schema\/logo\/image\/\"},\"sameAs\":[\"https:\/\/www.facebook.com\/mediTURDeutschland\/\",\"https:\/\/www.instagram.com\/meditur_deutschland\/\"]}]}<\/script>\n<!-- \/ Yoast SEO plugin. -->","yoast_head_json":{"title":"imprimer - mediTUR | Deutsche Agentur f\u00fcr Medizintourismus in der T\u00fcrkei","description":"Nous coop\u00e9rons avec les meilleures cliniques laser pour les yeux \u00e0 Istanbul. Vous cherchez un chirurgien ophtalmologiste ? Alors contactez-nous s'il vous pla\u00eet.","robots":{"index":"index","follow":"follow","max-snippet":"max-snippet:-1","max-image-preview":"max-image-preview:large","max-video-preview":"max-video-preview:-1"},"canonical":"https:\/\/www.medi-tur.de\/fr\/imprimer\/","og_locale":"fr_FR","og_type":"article","og_title":"imprimer - mediTUR | Deutsche Agentur f\u00fcr Medizintourismus in der T\u00fcrkei","og_description":"Nous coop\u00e9rons avec les meilleures cliniques laser pour les yeux \u00e0 Istanbul. Vous cherchez un chirurgien ophtalmologiste ? Alors contactez-nous s'il vous pla\u00eet.","og_url":"https:\/\/www.medi-tur.de\/fr\/imprimer\/","og_site_name":"mediTUR | Deutsche Agentur f\u00fcr Medizintourismus in der T\u00fcrkei","article_publisher":"https:\/\/www.facebook.com\/mediTURDeutschland\/","article_modified_time":"2026-03-21T20:52:27+00:00","twitter_card":"summary_large_image","twitter_misc":{"Dur\u00e9e de lecture estim\u00e9e":"5 minutes"},"schema":{"@context":"https:\/\/schema.org","@graph":[{"@type":"WebPage","@id":"https:\/\/www.medi-tur.de\/fr\/imprimer\/","url":"https:\/\/www.medi-tur.de\/fr\/imprimer\/","name":"imprimer - mediTUR | Deutsche Agentur f\u00fcr Medizintourismus in der T\u00fcrkei","isPartOf":{"@id":"https:\/\/www.medi-tur.de\/fr\/#website"},"datePublished":"2023-04-19T08:51:39+00:00","dateModified":"2026-03-21T20:52:27+00:00","description":"Nous coop\u00e9rons avec les meilleures cliniques laser pour les yeux \u00e0 Istanbul. Vous cherchez un chirurgien ophtalmologiste ? Alors contactez-nous s'il vous pla\u00eet.","breadcrumb":{"@id":"https:\/\/www.medi-tur.de\/fr\/imprimer\/#breadcrumb"},"inLanguage":"fr-FR","potentialAction":[{"@type":"ReadAction","target":["https:\/\/www.medi-tur.de\/fr\/imprimer\/"]}]},{"@type":"BreadcrumbList","@id":"https:\/\/www.medi-tur.de\/fr\/imprimer\/#breadcrumb","itemListElement":[{"@type":"ListItem","position":1,"name":"Startseite","item":"https:\/\/www.medi-tur.de\/fr\/"},{"@type":"ListItem","position":2,"name":"imprimer"}]},{"@type":"WebSite","@id":"https:\/\/www.medi-tur.de\/fr\/#website","url":"https:\/\/www.medi-tur.de\/fr\/","name":"mediTUR | Deutsche Agentur f\u00fcr Medizintourismus in der T\u00fcrkei","description":"Als Vermittlungsagentur f\u00fcr Sch\u00f6nheitsoperationen unterst\u00fctzen wir Patienten bei der Suche nach geeigneten Chirurgen in der T\u00fcrkei.","publisher":{"@id":"https:\/\/www.medi-tur.de\/fr\/#organization"},"potentialAction":[{"@type":"SearchAction","target":{"@type":"EntryPoint","urlTemplate":"https:\/\/www.medi-tur.de\/fr\/?s={search_term_string}"},"query-input":{"@type":"PropertyValueSpecification","valueRequired":true,"valueName":"search_term_string"}}],"inLanguage":"fr-FR"},{"@type":"Organization","@id":"https:\/\/www.medi-tur.de\/fr\/#organization","name":"mediTUR | Deutsche Agentur f\u00fcr Rhinoplastik, Haartransplantation, plastische Chirurgie, Zahnbehandlungen und Augenlasern","alternateName":"mediTUR | Vermittlungsagentur f\u00fcr Medizintourismus","url":"https:\/\/www.medi-tur.de\/fr\/","logo":{"@type":"ImageObject","inLanguage":"fr-FR","@id":"https:\/\/www.medi-tur.de\/fr\/#\/schema\/logo\/image\/","url":"https:\/\/www.medi-tur.de\/wp-content\/uploads\/2024\/01\/Meditur-transparent-klein-1.png","contentUrl":"https:\/\/www.medi-tur.de\/wp-content\/uploads\/2024\/01\/Meditur-transparent-klein-1.png","width":200,"height":100,"caption":"mediTUR | Deutsche Agentur f\u00fcr Rhinoplastik, Haartransplantation, plastische Chirurgie, Zahnbehandlungen und Augenlasern"},"image":{"@id":"https:\/\/www.medi-tur.de\/fr\/#\/schema\/logo\/image\/"},"sameAs":["https:\/\/www.facebook.com\/mediTURDeutschland\/","https:\/\/www.instagram.com\/meditur_deutschland\/"]}]}},"_links":{"self":[{"href":"https:\/\/www.medi-tur.de\/fr\/wp-json\/wp\/v2\/pages\/2294","targetHints":{"allow":["GET"]}}],"collection":[{"href":"https:\/\/www.medi-tur.de\/fr\/wp-json\/wp\/v2\/pages"}],"about":[{"href":"https:\/\/www.medi-tur.de\/fr\/wp-json\/wp\/v2\/types\/page"}],"author":[{"embeddable":true,"href":"https:\/\/www.medi-tur.de\/fr\/wp-json\/wp\/v2\/users\/1"}],"replies":[{"embeddable":true,"href":"https:\/\/www.medi-tur.de\/fr\/wp-json\/wp\/v2\/comments?post=2294"}],"version-history":[{"count":6,"href":"https:\/\/www.medi-tur.de\/fr\/wp-json\/wp\/v2\/pages\/2294\/revisions"}],"predecessor-version":[{"id":3839,"href":"https:\/\/www.medi-tur.de\/fr\/wp-json\/wp\/v2\/pages\/2294\/revisions\/3839"}],"wp:attachment":[{"href":"https:\/\/www.medi-tur.de\/fr\/wp-json\/wp\/v2\/media?parent=2294"}],"curies":[{"name":"wp","href":"https:\/\/api.w.org\/{rel}","templated":true}]}}